{"id":56971,"date":"2022-02-14T14:15:40","date_gmt":"2022-02-14T13:15:40","guid":{"rendered":"https:\/\/astekjob.fr\/pagina-de-inicio\/"},"modified":"2025-02-10T13:47:11","modified_gmt":"2025-02-10T12:47:11","slug":"pagina-de-inicio","status":"publish","type":"page","link":"https:\/\/astekjob.fr\/es\/","title":{"rendered":"P\u00e1gina de inicio"},"content":{"rendered":"<p>[et_pb_section fb_built=\u00bb1&#8243; admin_label=\u00bbLe site carri\u00e8re\u00bb _builder_version=\u00bb4.16&#8243; background_color=\u00bbrgba(0,0,0,0.35)\u00bb background_image=\u00bbhttps:\/\/astekjob.fr\/wp-content\/uploads\/2021\/10\/Accueil.jpg\u00bb background_blend=\u00bboverlay\u00bb custom_padding=\u00bb140px||140px||true|false\u00bb da_disable_devices=\u00bboff|off|off\u00bb collapsed=\u00bbon\u00bb global_colors_info=\u00bb{}\u00bb da_is_popup=\u00bboff\u00bb da_exit_intent=\u00bboff\u00bb da_has_close=\u00bbon\u00bb da_alt_close=\u00bboff\u00bb da_dark_close=\u00bboff\u00bb da_not_modal=\u00bbon\u00bb da_is_singular=\u00bboff\u00bb da_with_loader=\u00bboff\u00bb da_has_shadow=\u00bbon\u00bb][et_pb_row admin_label=\u00bbEl sitio de carrera\u00bb _builder_version=\u00bb4.16&#8243; global_colors_info=\u00bb{}\u00bb][et_pb_column type=\u00bb4_4&#8243; _builder_version=\u00bb4.16&#8243; global_colors_info=\u00bb{}\u00bb][et_pb_text admin_label=\u00bbLe site carri\u00e8re\u00bb _builder_version=\u00bb4.16&#8243; header_font=\u00bb|800|||||||\u00bb header_text_color=\u00bb#ffffff\u00bb header_font_size=\u00bb80px\u00bb background_color=\u00bbrgba(0,192,114,0.3)\u00bb transform_skew=\u00bb-3deg|-3deg\u00bb header_font_size_tablet=\u00bb\u00bb header_font_size_phone=\u00bb46px\u00bb header_font_size_last_edited=\u00bbon|desktop\u00bb header_text_shadow_style=\u00bbpreset5&#8243; header_text_shadow_color=\u00bbrgba(0,0,0,0.08)\u00bb border_radii=\u00bbon|12px|12px|12px|12px\u00bb global_colors_info=\u00bb{}\u00bb]<\/p>\n<h1 style=\"text-align: center;\">El sitio de carrera<br \/>de Grupo Astek<\/h1>\n<p>[\/et_pb_text][\/et_pb_column][\/et_pb_row][\/et_pb_section][et_pb_section fb_built=\u00bb1&#8243; admin_label=\u00bbD\u00e9couvrez la passion\u00bb _builder_version=\u00bb4.16&#8243; custom_padding=\u00bb||3px|||\u00bb da_disable_devices=\u00bboff|off|off\u00bb collapsed=\u00bbon\u00bb global_colors_info=\u00bb{}\u00bb da_is_popup=\u00bboff\u00bb da_exit_intent=\u00bboff\u00bb da_has_close=\u00bbon\u00bb da_alt_close=\u00bboff\u00bb da_dark_close=\u00bboff\u00bb da_not_modal=\u00bbon\u00bb da_is_singular=\u00bboff\u00bb da_with_loader=\u00bboff\u00bb da_has_shadow=\u00bbon\u00bb][et_pb_row admin_label=\u00bbDescubre la pasi\u00f3n\u00bb _builder_version=\u00bb4.16&#8243; custom_padding=\u00bb||4px|||\u00bb collapsed=\u00bbon\u00bb global_colors_info=\u00bb{}\u00bb][et_pb_column type=\u00bb4_4&#8243; _builder_version=\u00bb4.16&#8243; global_colors_info=\u00bb{}\u00bb][et_pb_text admin_label=\u00bbD\u00e9couvrez la passion\u00bb _builder_version=\u00bb4.16&#8243; header_2_text_align=\u00bbcenter\u00bb custom_margin=\u00bb||0px|||\u00bb global_colors_info=\u00bb{}\u00bb]<\/p>\n<p style=\"text-align: center;\">Descubre la pasi\u00f3n que impulsa a los hombres y mujeres que forman Astek.<br \/>Y si te gusta el esp\u00edritu empresarial, <a style=\"color: #000000; text-decoration: underline;\" href=\"https:\/\/astekjob.fr\/unirse-a-nosotros\/?lang=es\">\u00fanase a nosotros<\/a> para compartir nuestros \u00e9xitos y seguir adelante.<\/p>\n<p>[\/et_pb_text][\/et_pb_column][\/et_pb_row][et_pb_row admin_label=\u00bbEl Grupo en resumen\u00bb _builder_version=\u00bb4.23&#8243; custom_margin=\u00bb40px|auto||auto||\u00bb custom_padding=\u00bb||4px|||\u00bb collapsed=\u00bbon\u00bb global_colors_info=\u00bb{}\u00bb][et_pb_column type=\u00bb4_4&#8243; _builder_version=\u00bb4.16&#8243; global_colors_info=\u00bb{}\u00bb][et_pb_text admin_label=\u00bbLe Groupe en r\u00e9sum\u00e9\u00bb _builder_version=\u00bb4.16&#8243; header_2_text_align=\u00bbcenter\u00bb custom_margin=\u00bb||0px|||\u00bb global_colors_info=\u00bb{}\u00bb]<\/p>\n<h2 style=\"text-align: center;\">El <span style=\"color: #000000;\"><a style=\"color: #000000;\" href=\"https:\/\/astekgroup.fr\/\">Grupo<\/a><\/span><strong> en resumen<\/strong><\/h2>\n<p>[\/et_pb_text][et_pb_text admin_label=\u00bbLe Groupe en r\u00e9sum\u00e9\u00bb _builder_version=\u00bb4.23&#8243; header_2_text_align=\u00bbcenter\u00bb text_orientation=\u00bbcenter\u00bb custom_margin=\u00bb25px||0px||false|false\u00bb custom_padding=\u00bb||0px||false|false\u00bb global_colors_info=\u00bb{}\u00bb]<\/p>\n<p>Las personas en el centro de la innovaci\u00f3n. Innovaci\u00f3n al servicio del planeta.<\/p>\n<p>[\/et_pb_text][\/et_pb_column][\/et_pb_row][\/et_pb_section][et_pb_section fb_built=\u00bb1&#8243; admin_label=\u00bbChiffres et logos\u00bb _builder_version=\u00bb4.16&#8243; _module_preset=\u00bbdefault\u00bb custom_margin=\u00bb|-100px||-100px|false|true\u00bb da_disable_devices=\u00bboff|off|off\u00bb collapsed=\u00bbon\u00bb global_colors_info=\u00bb{}\u00bb da_is_popup=\u00bboff\u00bb da_exit_intent=\u00bboff\u00bb da_has_close=\u00bbon\u00bb da_alt_close=\u00bboff\u00bb da_dark_close=\u00bboff\u00bb da_not_modal=\u00bbon\u00bb da_is_singular=\u00bboff\u00bb da_with_loader=\u00bboff\u00bb da_has_shadow=\u00bbon\u00bb][et_pb_row column_structure=\u00bb1_5,1_5,1_5,1_5,1_5&#8243; use_custom_gutter=\u00bbon\u00bb gutter_width=\u00bb2&#8243; make_equal=\u00bbon\u00bb disabled_on=\u00bbon|off|off\u00bb admin_label=\u00bbCifras del Grupo &#8211; PC y tableta\u00bb _builder_version=\u00bb4.23&#8243; width=\u00bb100%\u00bb max_width=\u00bb100%\u00bb custom_margin=\u00bb|-100px||0px|false|false\u00bb custom_padding=\u00bb0px|0px||0px|false|false\u00bb collapsed=\u00bbon\u00bb global_colors_info=\u00bb{}\u00bb][et_pb_column type=\u00bb1_5&#8243; _builder_version=\u00bb4.16&#8243; _module_preset=\u00bbdefault\u00bb global_colors_info=\u00bb{}\u00bb][\/et_pb_column][et_pb_column type=\u00bb1_5&#8243; _builder_version=\u00bb4.16&#8243; background_color=\u00bb#00c072&#8243; custom_padding=\u00bb30px||30px||true|false\u00bb global_colors_info=\u00bb{}\u00bb][et_pb_image src=\u00bbhttps:\/\/astekjob.fr\/wp-content\/uploads\/2021\/08\/CA.png\u00bb title_text=\u00bbFacturaci\u00f3n\u00bb align=\u00bbcenter\u00bb _builder_version=\u00bb4.16&#8243; global_colors_info=\u00bb{}\u00bb][\/et_pb_image][et_pb_number_counter title=\u00bbPrevisi\u00f3n de facturaci\u00f3n 2024&#8243; number=\u00bb720M\u20ac\u00bb percent_sign=\u00bboff\u00bb admin_label=\u00bb600M\u20ac\u00bb _builder_version=\u00bb4.27.0&#8243; title_text_color=\u00bb#ffffff\u00bb title_font_size=\u00bb15px\u00bb number_text_color=\u00bb#ffffff\u00bb number_font_size=\u00bb53px\u00bb global_colors_info=\u00bb{}\u00bb][\/et_pb_number_counter][\/et_pb_column][et_pb_column type=\u00bb1_5&#8243; _builder_version=\u00bb4.16&#8243; background_color=\u00bb#00c072&#8243; custom_padding=\u00bb30px||30px||true|false\u00bb global_colors_info=\u00bb{}\u00bb][et_pb_image src=\u00bbhttps:\/\/astekjob.fr\/wp-content\/uploads\/2021\/08\/Effectif.png\u00bb title_text=\u00bbPersonal total \u00bb align=\u00bbcenter\u00bb _builder_version=\u00bb4.18.0&#8243; global_colors_info=\u00bb{}\u00bb][\/et_pb_image][et_pb_number_counter title=\u00bbColaboradores\u00bb number=\u00bb10 000&#8243; percent_sign=\u00bboff\u00bb admin_label=\u00bb8000 collaborateurs\u00bb _builder_version=\u00bb4.27.0&#8243; title_text_color=\u00bb#ffffff\u00bb title_font_size=\u00bb14px\u00bb number_text_color=\u00bb#ffffff\u00bb number_font_size=\u00bb56px\u00bb global_colors_info=\u00bb{}\u00bb][\/et_pb_number_counter][\/et_pb_column][et_pb_column type=\u00bb1_5&#8243; _builder_version=\u00bb4.16&#8243; background_color=\u00bb#00c072&#8243; custom_padding=\u00bb30px||30px||true|false\u00bb global_colors_info=\u00bb{}\u00bb][et_pb_image src=\u00bbhttps:\/\/astekjob.fr\/wp-content\/uploads\/2021\/08\/Couverture-mondiale.png\u00bb title_text=\u00bbCobertura mundial\u00bb align=\u00bbcenter\u00bb _builder_version=\u00bb4.16&#8243; global_colors_info=\u00bb{}\u00bb][\/et_pb_image][et_pb_number_counter title=\u00bbPa\u00edses alrededor del mundo\u00bb number=\u00bb22&#8243; percent_sign=\u00bboff\u00bb admin_label=\u00bb21 Pays\u00bb _builder_version=\u00bb4.27.0&#8243; title_text_color=\u00bb#ffffff\u00bb title_font_size=\u00bb15px\u00bb number_text_color=\u00bb#ffffff\u00bb number_font_size=\u00bb57px\u00bb global_colors_info=\u00bb{}\u00bb][\/et_pb_number_counter][\/et_pb_column][et_pb_column type=\u00bb1_5&#8243; _builder_version=\u00bb4.16&#8243; _module_preset=\u00bbdefault\u00bb global_colors_info=\u00bb{}\u00bb][\/et_pb_column][\/et_pb_row][et_pb_row column_structure=\u00bb1_5,1_5,1_5,1_5,1_5&#8243; use_custom_gutter=\u00bbon\u00bb gutter_width=\u00bb2&#8243; make_equal=\u00bbon\u00bb disabled_on=\u00bboff|on|on\u00bb admin_label=\u00bbCifras del Grupo &#8211; Smartphone\u00bb _builder_version=\u00bb4.18.0&#8243; width=\u00bb50%\u00bb max_width=\u00bb100%\u00bb module_alignment=\u00bbcenter\u00bb custom_margin=\u00bb|||0px|false|false\u00bb custom_padding=\u00bb|0px||0px|false|false\u00bb collapsed=\u00bbon\u00bb global_colors_info=\u00bb{}\u00bb][et_pb_column type=\u00bb1_5&#8243; _builder_version=\u00bb4.16&#8243; _module_preset=\u00bbdefault\u00bb global_colors_info=\u00bb{}\u00bb][\/et_pb_column][et_pb_column type=\u00bb1_5&#8243; _builder_version=\u00bb4.16&#8243; background_color=\u00bb#00c072&#8243; custom_padding=\u00bb30px||30px||true|false\u00bb global_colors_info=\u00bb{}\u00bb][et_pb_image src=\u00bbhttps:\/\/astekjob.fr\/wp-content\/uploads\/2021\/08\/CA.png\u00bb title_text=\u00bbFacturaci\u00f3n\u00bb align=\u00bbcenter\u00bb _builder_version=\u00bb4.16&#8243; global_colors_info=\u00bb{}\u00bb][\/et_pb_image][et_pb_number_counter title=\u00bbPrevisi\u00f3n de facturaci\u00f3n 2024&#8243; number=\u00bb720M\u20ac\u00bb percent_sign=\u00bboff\u00bb admin_label=\u00bb600M\u20ac\u00bb _builder_version=\u00bb4.27.0&#8243; title_text_color=\u00bb#ffffff\u00bb number_text_color=\u00bb#ffffff\u00bb number_font_size=\u00bb66px\u00bb global_colors_info=\u00bb{}\u00bb][\/et_pb_number_counter][\/et_pb_column][et_pb_column type=\u00bb1_5&#8243; _builder_version=\u00bb4.16&#8243; background_color=\u00bb#00c072&#8243; custom_padding=\u00bb30px||30px||true|false\u00bb global_colors_info=\u00bb{}\u00bb][et_pb_image src=\u00bbhttps:\/\/astekjob.fr\/wp-content\/uploads\/2021\/08\/Effectif.png\u00bb title_text=\u00bbPersonal total \u00bb align=\u00bbcenter\u00bb _builder_version=\u00bb4.16&#8243; global_colors_info=\u00bb{}\u00bb][\/et_pb_image][et_pb_number_counter title=\u00bbColaboradores\u00bb number=\u00bb10 000&#8243; percent_sign=\u00bboff\u00bb admin_label=\u00bb8000 collaborateurs\u00bb _builder_version=\u00bb4.27.0&#8243; title_text_color=\u00bb#ffffff\u00bb number_text_color=\u00bb#ffffff\u00bb number_font_size=\u00bb66px\u00bb global_colors_info=\u00bb{}\u00bb][\/et_pb_number_counter][\/et_pb_column][et_pb_column type=\u00bb1_5&#8243; _builder_version=\u00bb4.16&#8243; background_color=\u00bb#00c072&#8243; custom_padding=\u00bb30px||30px||true|false\u00bb global_colors_info=\u00bb{}\u00bb][et_pb_image src=\u00bbhttps:\/\/astekjob.fr\/wp-content\/uploads\/2021\/08\/Couverture-mondiale.png\u00bb title_text=\u00bbCobertura mundial\u00bb align=\u00bbcenter\u00bb _builder_version=\u00bb4.16&#8243; global_colors_info=\u00bb{}\u00bb][\/et_pb_image][et_pb_number_counter title=\u00bbPa\u00edses alrededor del mundo\u00bb number=\u00bb22&#8243; percent_sign=\u00bboff\u00bb admin_label=\u00bb21 Pays\u00bb _builder_version=\u00bb4.27.0&#8243; title_text_color=\u00bb#ffffff\u00bb number_text_color=\u00bb#ffffff\u00bb number_font_size=\u00bb66px\u00bb global_colors_info=\u00bb{}\u00bb][\/et_pb_number_counter][\/et_pb_column][et_pb_column type=\u00bb1_5&#8243; _builder_version=\u00bb4.16&#8243; _module_preset=\u00bbdefault\u00bb global_colors_info=\u00bb{}\u00bb][\/et_pb_column][\/et_pb_row][et_pb_row column_structure=\u00bb1_3,1_3,1_3&#8243; admin_label=\u00bbLogotipos de actividades\u00bb _builder_version=\u00bb4.23&#8243; custom_padding=\u00bb100px|50px|20px|50px|false|true\u00bb collapsed=\u00bbon\u00bb global_colors_info=\u00bb{}\u00bb][et_pb_column type=\u00bb1_3&#8243; _builder_version=\u00bb4.16&#8243; global_colors_info=\u00bb{}\u00bb][et_pb_blurb title=\u00bbSOLUCIONES INNOVADORAS\u00bb use_icon=\u00bbon\u00bb font_icon=\u00bb&#xe00a;||divi||400&#8243; icon_color=\u00bb#2d2927&#8243; admin_label=\u00bbSOLUTIONS INNOVANTES\u00bb _builder_version=\u00bb4.16&#8243; header_font=\u00bb|600|||||||\u00bb text_orientation=\u00bbcenter\u00bb global_colors_info=\u00bb{}\u00bb]<\/p>\n<p>Gracias a nuestras ofertas, Astek se posiciona como un verdadero vector de soluciones audaces y un catalizador del cambio tecnol\u00f3gico.<\/p>\n<p>[\/et_pb_blurb][\/et_pb_column][et_pb_column type=\u00bb1_3&#8243; _builder_version=\u00bb4.16&#8243; global_colors_info=\u00bb{}\u00bb][et_pb_blurb title=\u00bbC\u00d3DIGOS REINVENTADOS\u00bb use_icon=\u00bbon\u00bb font_icon=\u00bb&#xe02d;||divi||400&#8243; icon_color=\u00bb#2d2927&#8243; admin_label=\u00bbCODES R\u00c9INVENT\u00c9S\u00bb _builder_version=\u00bb4.16&#8243; header_font=\u00bb|600|||||||\u00bb text_orientation=\u00bbcenter\u00bb global_colors_info=\u00bb{}\u00bb]<\/p>\n<p>Rompemos fronteras sectoriales, promovemos la interacci\u00f3n de tecnolog\u00edas y creamos permeabilidad tecnol\u00f3gica.<\/p>\n<p>[\/et_pb_blurb][\/et_pb_column][et_pb_column type=\u00bb1_3&#8243; _builder_version=\u00bb4.16&#8243; global_colors_info=\u00bb{}\u00bb][et_pb_blurb title=\u00bbINTERDEPENDENCIA TECNOL\u00d3GICA\u00bb use_icon=\u00bbon\u00bb font_icon=\u00bb&#xe0a4;||divi||400&#8243; icon_color=\u00bb#2d2927&#8243; admin_label=\u00bbINTERD\u00c9PENDANCE TECHNOLOGIQUE\u00bb _builder_version=\u00bb4.16&#8243; header_font=\u00bb|600|||||||\u00bb text_orientation=\u00bbcenter\u00bb global_colors_info=\u00bb{}\u00bb]<\/p>\n<p>Combinamos tecnolog\u00edas digitales con las de otros sectores, como aeron\u00e1utica, espacial, automoci\u00f3n, energ\u00eda\u2026<\/p>\n<p>[\/et_pb_blurb][\/et_pb_column][\/et_pb_row][et_pb_row _builder_version=\u00bb4.23&#8243; _module_preset=\u00bbdefault\u00bb collapsed=\u00bbon\u00bb global_colors_info=\u00bb{}\u00bb][et_pb_column type=\u00bb4_4&#8243; _builder_version=\u00bb4.23&#8243; _module_preset=\u00bbdefault\u00bb global_colors_info=\u00bb{}\u00bb][et_pb_text _builder_version=\u00bb4.23.1&#8243; _module_preset=\u00bbdefault\u00bb custom_padding_tablet=\u00bb\u00bb custom_padding_phone=\u00bb|100px||100px|false|true\u00bb custom_padding_last_edited=\u00bbon|phone\u00bb global_colors_info=\u00bb{}\u00bb]<\/p>\n<h2><strong>Nuestros valores<\/strong><\/h2>\n<p>El posicionamiento del Grupo Astek en el centro de estos cambios tecnol\u00f3gicos nos otorga un papel que desempe\u00f1ar en el \u00e9xito humano de esta transformaci\u00f3n. Es una gran responsabilidad, materializada en valores anclados que gu\u00edan nuestro comportamiento diario.<\/p>\n<p>[\/et_pb_text][et_pb_accordion open_toggle_text_color=\u00bb#2D2927&#8243; open_toggle_background_color=\u00bb#FFFFFF\u00bb closed_toggle_background_color=\u00bb#FFFFFF\u00bb icon_color=\u00bb#00C072&#8243; _builder_version=\u00bb4.23.1&#8243; _module_preset=\u00bbdefault\u00bb toggle_text_color=\u00bb#2D2927&#8243; toggle_font=\u00bb|700|||||||\u00bb custom_margin_tablet=\u00bb\u00bb custom_margin_phone=\u00bb|100px||100px|false|true\u00bb custom_margin_last_edited=\u00bbon|phone\u00bb custom_padding_phone=\u00bb||||false|true\u00bb custom_padding_last_edited=\u00bboff|phone\u00bb global_colors_info=\u00bb{}\u00bb][et_pb_accordion_item title=\u00bbAmbici\u00f3n\u00bb open=\u00bbon\u00bb _builder_version=\u00bb4.23&#8243; _module_preset=\u00bbdefault\u00bb custom_margin=\u00bb||0px||false|false\u00bb custom_padding=\u00bb||||false|false\u00bb border_radii=\u00bboff|23px|23px||\u00bb global_colors_info=\u00bb{}\u00bb]<\/p>\n<p>Es el deseo de ir m\u00e1s all\u00e1, de ofrecer a nuestros clientes las soluciones que necesitan, con el mismo nivel de experiencia en todo el mundo.<\/p>\n<p>Es el deseo de ofrecer a nuestros empleados un verdadero trampol\u00edn profesional en un entorno satisfactorio y desafiante.<\/p>\n<p>[\/et_pb_accordion_item][et_pb_accordion_item title=\u00bbDesaf\u00edo\u00bb open_toggle_background_color=\u00bb#FFFFFF\u00bb closed_toggle_background_color=\u00bb#FFFFFF\u00bb _builder_version=\u00bb4.23&#8243; _module_preset=\u00bbdefault\u00bb custom_margin=\u00bb||0px||false|false\u00bb custom_padding=\u00bb||||false|false\u00bb global_colors_info=\u00bb{}\u00bb open=\u00bboff\u00bb]<\/p>\n<p>Es nuestro ADN como emprendedor y desafiante el que est\u00e1 en el coraz\u00f3n del desarrollo del Grupo.<\/p>\n<p>Es la capacidad de superarse a uno mismo, de demostrar creatividad y de asumir riesgos y aprovechar oportunidades para desarrollar una oferta adaptada a nuestros clientes.<\/p>\n<p>Cada uno tiene la libertad de construir y desarrollar su propio camino y alcance.<\/p>\n<p>[\/et_pb_accordion_item][et_pb_accordion_item title=\u00bbAgilidad\u00bb _builder_version=\u00bb4.23&#8243; _module_preset=\u00bbdefault\u00bb custom_margin=\u00bb||0px||false|false\u00bb custom_padding=\u00bb||||false|false\u00bb global_colors_info=\u00bb{}\u00bb open=\u00bboff\u00bb]<\/p>\n<p>Es la capacidad de reinventarse constantemente para adaptarse a los nuevos desaf\u00edos de hoy y anticiparse a los desaf\u00edos del ma\u00f1ana.<\/p>\n<p>Es la capacidad de apoyar a nuestros clientes y empleados donde quieran, escuchando sus expectativas.<\/p>\n<p>[\/et_pb_accordion_item][et_pb_accordion_item title=\u00bbProximidad\u00bb _builder_version=\u00bb4.23&#8243; _module_preset=\u00bbdefault\u00bb border_radii=\u00bboff|||23px|23px\u00bb global_colors_info=\u00bb{}\u00bb open=\u00bboff\u00bb]<\/p>\n<p>\u00c9sta es la importancia de crear conexiones en todas las relaciones que tenemos con nuestros clientes y colegas.<\/p>\n<p>He aqu\u00ed la importancia de combinar la gesti\u00f3n transnacional con la presencia local en los territorios.<\/p>\n<p>\u00c9sta es la importancia de cultivar un v\u00ednculo estrecho con los equipos, centr\u00e1ndose en la convivencia y el compartir.<\/p>\n<p>[\/et_pb_accordion_item][\/et_pb_accordion][\/et_pb_column][\/et_pb_row][et_pb_row custom_padding_last_edited=\u00bbon|phone\u00bb admin_label=\u00bbTop Employer 2024 T\u00edtulo\u00bb _builder_version=\u00bb4.23.4&#8243; _module_preset=\u00bbdefault\u00bb width_tablet=\u00bb\u00bb width_phone=\u00bb\u00bb width_last_edited=\u00bbon|phone\u00bb max_width_tablet=\u00bb\u00bb max_width_phone=\u00bb\u00bb max_width_last_edited=\u00bbon|phone\u00bb custom_margin=\u00bb50px||||false|false\u00bb custom_padding_tablet=\u00bb\u00bb custom_padding_phone=\u00bb||0px||false|false\u00bb collapsed=\u00bbon\u00bb global_colors_info=\u00bb{}\u00bb][et_pb_column type=\u00bb4_4&#8243; _builder_version=\u00bb4.23.4&#8243; _module_preset=\u00bbdefault\u00bb global_colors_info=\u00bb{}\u00bb][et_pb_text admin_label=\u00bbTitre Top Employer 2024&#8243; _builder_version=\u00bb4.27.4&#8243; _module_preset=\u00bbdefault\u00bb header_2_font=\u00bb|700|||||||\u00bb header_2_text_align=\u00bbcenter\u00bb custom_padding_tablet=\u00bb\u00bb custom_padding_phone=\u00bb|85px||100px|false|false\u00bb custom_padding_last_edited=\u00bbon|phone\u00bb hover_enabled=\u00bb0&#8243; header_2_text_align_tablet=\u00bbcenter\u00bb header_2_text_align_phone=\u00bbleft\u00bb header_2_text_align_last_edited=\u00bbon|phone\u00bb global_colors_info=\u00bb{}\u00bb sticky_enabled=\u00bb0&#8243;]<\/p>\n<h2>Astek certificado como Top Employer 2025:<\/h2>\n<h2>\u00a1un proceso de mejora continua ante todo!<\/h2>\n<p>[\/et_pb_text][\/et_pb_column][\/et_pb_row][et_pb_row column_structure=\u00bb2_5,3_5&#8243; custom_padding_last_edited=\u00bbon|phone\u00bb admin_label=\u00bbTop Employer 2024&#8243; _builder_version=\u00bb4.23.4&#8243; _module_preset=\u00bbdefault\u00bb width_tablet=\u00bb\u00bb width_phone=\u00bb\u00bb width_last_edited=\u00bbon|phone\u00bb custom_padding_tablet=\u00bb\u00bb custom_padding_phone=\u00bb0px|100px||100px|false|true\u00bb collapsed=\u00bbon\u00bb global_colors_info=\u00bb{}\u00bb][et_pb_column type=\u00bb2_5&#8243; _builder_version=\u00bb4.23.4&#8243; _module_preset=\u00bbdefault\u00bb global_colors_info=\u00bb{}\u00bb][et_pb_image src=\u00bbhttps:\/\/astekjob.fr\/wp-content\/uploads\/2025\/01\/top-employer-2025.png\u00bb title_text=\u00bbtop employer 2025&#8243; _builder_version=\u00bb4.27.4&#8243; _module_preset=\u00bbdefault\u00bb custom_margin=\u00bb4vh||||false|false\u00bb custom_padding_tablet=\u00bb\u00bb custom_padding_phone=\u00bb||||false|false\u00bb custom_padding_last_edited=\u00bbon|phone\u00bb hover_enabled=\u00bb0&#8243; global_colors_info=\u00bb{}\u00bb sticky_enabled=\u00bb0&#8243;][\/et_pb_image][\/et_pb_column][et_pb_column type=\u00bb3_5&#8243; _builder_version=\u00bb4.23.4&#8243; _module_preset=\u00bbdefault\u00bb global_colors_info=\u00bb{}\u00bb][et_pb_text _builder_version=\u00bb4.27.4&#8243; _module_preset=\u00bbdefault\u00bb hover_enabled=\u00bb0&#8243; global_colors_info=\u00bb{}\u00bb sticky_enabled=\u00bb0&#8243;]<b>Astek certificou Top Employer pelo segundo ano consecutivo!<\/b>[\/et_pb_text][et_pb_text _builder_version=\u00bb4.27.4&#8243; _module_preset=\u00bbdefault\u00bb hover_enabled=\u00bb0&#8243; global_colors_info=\u00bb{}\u00bb custom_margin=\u00bb||||false|false\u00bb sticky_enabled=\u00bb0&#8243;]<\/p>\n<p>Esta nova certifica\u00e7\u00e3o \u00e9 o resultado de uma auditoria externa que durou v\u00e1rios meses e demonstra o compromisso da Astek em proporcionar um ambiente de trabalho de qualidade, onde o desenvolvimento profissional e pessoal de todos \u00e9 uma prioridade.<\/p>\n<p>A cada ano, o Top Employers Institute audita empresas por meio da Pesquisa de Melhores Pr\u00e1ticas de RH, que avalia 6 grandes \u00e1reas de RH, divididas em 20 temas e 250 crit\u00e9rios: estrat\u00e9gia de gest\u00e3o de talentos, ambiente de trabalho, Aquisi\u00e7\u00e3o de Talentos, treinamento e desenvolvimento de compet\u00eancias, bem-estar no trabalho, diversidade e inclus\u00e3o, etc.<\/p>\n<p>[\/et_pb_text][\/et_pb_column][\/et_pb_row][\/et_pb_section][et_pb_section fb_built=\u00bb1&#8243; admin_label=\u00bbNotre actualit\u00e9\u00bb _builder_version=\u00bb4.16&#8243; background_color=\u00bb#f9f9f9&#8243; da_disable_devices=\u00bboff|off|off\u00bb collapsed=\u00bbon\u00bb global_colors_info=\u00bb{}\u00bb da_is_popup=\u00bboff\u00bb da_exit_intent=\u00bboff\u00bb da_has_close=\u00bbon\u00bb da_alt_close=\u00bboff\u00bb da_dark_close=\u00bboff\u00bb da_not_modal=\u00bbon\u00bb da_is_singular=\u00bboff\u00bb da_with_loader=\u00bboff\u00bb da_has_shadow=\u00bbon\u00bb][et_pb_row admin_label=\u00bbNuestras noticias\u00bb _builder_version=\u00bb4.16&#8243; collapsed=\u00bbon\u00bb global_colors_info=\u00bb{}\u00bb][et_pb_column type=\u00bb4_4&#8243; _builder_version=\u00bb4.16&#8243; global_colors_info=\u00bb{}\u00bb][et_pb_text admin_label=\u00bbNotre actualit\u00e9\u00bb _builder_version=\u00bb4.16&#8243; header_2_text_align=\u00bbcenter\u00bb custom_margin=\u00bb||0px|||\u00bb global_colors_info=\u00bb{}\u00bb]<\/p>\n<h2 style=\"text-align: center;\">Nuestras <strong>acciones<\/strong><\/h2>\n<p>[\/et_pb_text][\/et_pb_column][\/et_pb_row][et_pb_row column_structure=\u00bb1_2,1_2&#8243; use_custom_gutter=\u00bbon\u00bb make_equal=\u00bbon\u00bb _builder_version=\u00bb4.16&#8243; custom_padding=\u00bb2px|||||\u00bb collapsed=\u00bboff\u00bb global_colors_info=\u00bb{}\u00bb][et_pb_column type=\u00bb1_2&#8243; _builder_version=\u00bb4.16&#8243; global_colors_info=\u00bb{}\u00bb][et_pb_blurb image=\u00bbhttps:\/\/astekjob.fr\/wp-content\/uploads\/2024\/01\/Developpement-durable.png\u00bb alt=\u00bbEl Gran Desaf\u00edo para el planeta&lt;\u00bb admin_label=\u00bbGrand D\u00e9fi\u00bb _builder_version=\u00bb4.23.4&#8243; _dynamic_attributes=\u00bblink_option_url\u00bb header_font=\u00bb|600|||||||\u00bb header_font_size=\u00bb22px\u00bb body_font=\u00bb|600|||||||\u00bb body_font_size=\u00bb18px\u00bb background_color=\u00bb#ffffff\u00bb text_orientation=\u00bbcenter\u00bb custom_margin=\u00bb|40px||40px|false|true\u00bb custom_padding=\u00bb||20px||false|false\u00bb animation_style=\u00bbslide\u00bb animation_direction=\u00bbright\u00bb animation_duration=\u00bb1350ms\u00bb animation_delay=\u00bb150ms\u00bb animation_intensity_slide=\u00bb20%\u00bb link_option_url=\u00bb@ET-DC@eyJkeW5hbWljIjp0cnVlLCJjb250ZW50IjoicG9zdF9saW5rX3VybF9wb3N0Iiwic2V0dGluZ3MiOnsicG9zdF9pZCI6IjIxODM5MSJ9fQ==@\u00bb link_option_url_new_window=\u00bbon\u00bb border_radii=\u00bbon|16px|16px|16px|16px\u00bb box_shadow_style=\u00bbpreset2&#8243; box_shadow_horizontal=\u00bb8px\u00bb box_shadow_vertical=\u00bb8px\u00bb box_shadow_blur=\u00bb30px\u00bb box_shadow_spread=\u00bb-12px\u00bb box_shadow_color=\u00bb#a7aea7&#8243; global_colors_info=\u00bb{}\u00bb]<\/p>\n<p>Desarrollo sostenible, RSC: \u00bfd\u00f3nde estamos en Astek?<\/p>\n<p>[\/et_pb_blurb][et_pb_blurb image=\u00bbhttps:\/\/astekjob.fr\/wp-content\/uploads\/2024\/01\/Engagement_CentresRelier-980&#215;551-1.jpg\u00bb alt=\u00bbVivero Astek de Madagascar &#8211; Reforestaci\u00f3n\u00bb admin_label=\u00bbReforestation\u00bb _builder_version=\u00bb4.23.4&#8243; _dynamic_attributes=\u00bblink_option_url\u00bb header_font=\u00bb|600|||||||\u00bb header_font_size=\u00bb22px\u00bb body_font=\u00bb|600|||||||\u00bb body_font_size=\u00bb18px\u00bb background_color=\u00bb#ffffff\u00bb text_orientation=\u00bbcenter\u00bb custom_margin=\u00bb|40px||40px|false|true\u00bb custom_padding=\u00bb||20px||false|false\u00bb animation_style=\u00bbslide\u00bb animation_direction=\u00bbleft\u00bb animation_duration=\u00bb1350ms\u00bb animation_delay=\u00bb150ms\u00bb animation_intensity_slide=\u00bb20%\u00bb link_option_url=\u00bb@ET-DC@eyJkeW5hbWljIjp0cnVlLCJjb250ZW50IjoicG9zdF9saW5rX3VybF9wb3N0Iiwic2V0dGluZ3MiOnsicG9zdF9pZCI6IjIxODQxMiJ9fQ==@\u00bb link_option_url_new_window=\u00bbon\u00bb border_radii=\u00bbon|16px|16px|16px|16px\u00bb box_shadow_style=\u00bbpreset2&#8243; box_shadow_horizontal=\u00bb8px\u00bb box_shadow_vertical=\u00bb8px\u00bb box_shadow_blur=\u00bb30px\u00bb box_shadow_spread=\u00bb-12px\u00bb box_shadow_color=\u00bb#a7aea7&#8243; global_colors_info=\u00bb{}\u00bb]<\/p>\n<p>Lucha contra el acoso mediante la tecnolog\u00eda digital.<\/p>\n<p>[\/et_pb_blurb][\/et_pb_column][et_pb_column type=\u00bb1_2&#8243; _builder_version=\u00bb4.16&#8243; global_colors_info=\u00bb{}\u00bb][et_pb_blurb image=\u00bbhttps:\/\/astekjob.fr\/wp-content\/uploads\/2024\/01\/Visuels-blog-CARE-1-1.webp\u00bb alt=\u00bbMehdi &#8211; Maratones\u00bb admin_label=\u00bbHaroz\u00bb _builder_version=\u00bb4.23.4&#8243; _dynamic_attributes=\u00bblink_option_url\u00bb header_font=\u00bb|600|||||||\u00bb header_font_size=\u00bb22px\u00bb body_font=\u00bb|600|||||||\u00bb body_font_size=\u00bb18px\u00bb background_color=\u00bb#ffffff\u00bb text_orientation=\u00bbcenter\u00bb custom_margin=\u00bb|40px||40px|false|true\u00bb custom_padding=\u00bb||20px||false|false\u00bb animation_style=\u00bbslide\u00bb animation_direction=\u00bbright\u00bb animation_duration=\u00bb1350ms\u00bb animation_delay=\u00bb150ms\u00bb animation_intensity_slide=\u00bb20%\u00bb link_option_url=\u00bb@ET-DC@eyJkeW5hbWljIjp0cnVlLCJjb250ZW50IjoicG9zdF9saW5rX3VybF9wb3N0Iiwic2V0dGluZ3MiOnsicG9zdF9pZCI6IjIxODQ1NCJ9fQ==@\u00bb link_option_url_new_window=\u00bbon\u00bb border_radii=\u00bbon|16px|16px|16px|16px\u00bb box_shadow_style=\u00bbpreset2&#8243; box_shadow_horizontal=\u00bb8px\u00bb box_shadow_vertical=\u00bb8px\u00bb box_shadow_blur=\u00bb30px\u00bb box_shadow_spread=\u00bb-12px\u00bb box_shadow_color=\u00bb#a7aea7&#8243; global_colors_info=\u00bb{}\u00bb]<\/p>\n<p>La pol\u00edtica CARE del Grupo Astek:<br \/>\ncomprometi\u00e9ndose con nuestros empleados.<\/p>\n<p>[\/et_pb_blurb][et_pb_blurb image=\u00bbhttps:\/\/astekjob.fr\/wp-content\/uploads\/2024\/01\/MatthieuLOURME-980&#215;551-3.jpg\u00bb alt=\u00bbCl\u00e9ment &#8211; Cooptaci\u00f3n\u00bb admin_label=\u00bbLa cooptation\u00bb _builder_version=\u00bb4.23.4&#8243; _dynamic_attributes=\u00bblink_option_url\u00bb header_font=\u00bb|600|||||||\u00bb header_font_size=\u00bb22px\u00bb body_font=\u00bb|600|||||||\u00bb body_font_size=\u00bb18px\u00bb background_color=\u00bb#ffffff\u00bb text_orientation=\u00bbcenter\u00bb custom_margin=\u00bb|40px||40px|false|true\u00bb custom_padding=\u00bb||20px||false|false\u00bb animation_style=\u00bbslide\u00bb animation_direction=\u00bbright\u00bb animation_duration=\u00bb1350ms\u00bb animation_delay=\u00bb150ms\u00bb animation_intensity_slide=\u00bb20%\u00bb link_option_url=\u00bb@ET-DC@eyJkeW5hbWljIjp0cnVlLCJjb250ZW50IjoicG9zdF9saW5rX3VybF9wb3N0Iiwic2V0dGluZ3MiOnsicG9zdF9pZCI6IjIxODQ0MSJ9fQ==@\u00bb link_option_url_new_window=\u00bbon\u00bb border_radii=\u00bbon|16px|16px|16px|16px\u00bb box_shadow_style=\u00bbpreset2&#8243; box_shadow_horizontal=\u00bb8px\u00bb box_shadow_vertical=\u00bb8px\u00bb box_shadow_blur=\u00bb30px\u00bb box_shadow_spread=\u00bb-12px\u00bb box_shadow_color=\u00bb#a7aea7&#8243; global_colors_info=\u00bb{}\u00bb]<\/p>\n<p>Entrevista con Matthieu Lourme,<br \/>\nDirector de Carrera y RSC de Astek<\/p>\n<p>[\/et_pb_blurb][\/et_pb_column][\/et_pb_row][\/et_pb_section][et_pb_section fb_built=\u00bb1&#8243; admin_label=\u00bbNos \u00e9v\u00e9nements\u00bb _builder_version=\u00bb4.16&#8243; custom_padding=\u00bb||110px|||\u00bb da_disable_devices=\u00bboff|off|off\u00bb collapsed=\u00bbon\u00bb global_colors_info=\u00bb{}\u00bb da_is_popup=\u00bboff\u00bb da_exit_intent=\u00bboff\u00bb da_has_close=\u00bbon\u00bb da_alt_close=\u00bboff\u00bb da_dark_close=\u00bboff\u00bb da_not_modal=\u00bbon\u00bb da_is_singular=\u00bboff\u00bb da_with_loader=\u00bboff\u00bb da_has_shadow=\u00bbon\u00bb][et_pb_row admin_label=\u00bbNuestros eventos\u00bb _builder_version=\u00bb4.16&#8243; global_colors_info=\u00bb{}\u00bb][et_pb_column type=\u00bb4_4&#8243; _builder_version=\u00bb4.16&#8243; global_colors_info=\u00bb{}\u00bb][et_pb_text admin_label=\u00bbNos \u00e9v\u00e9nements\u00bb _builder_version=\u00bb4.16&#8243; header_2_text_align=\u00bbcenter\u00bb custom_margin=\u00bb||0px|||\u00bb global_colors_info=\u00bb{}\u00bb]<\/p>\n<h2 style=\"text-align: center;\">Nuestros <strong>eventos<\/strong><\/h2>\n<p>[\/et_pb_text][\/et_pb_column][\/et_pb_row][et_pb_row column_structure=\u00bb1_4,1_4,1_4,1_4&#8243; use_custom_gutter=\u00bbon\u00bb gutter_width=\u00bb2&#8243; _builder_version=\u00bb4.16&#8243; width=\u00bb90%\u00bb max_width=\u00bb100%\u00bb global_colors_info=\u00bb{}\u00bb][et_pb_column type=\u00bb1_4&#8243; _builder_version=\u00bb4.16&#8243; global_colors_info=\u00bb{}\u00bb][et_pb_image src=\u00bbhttps:\/\/astekjob.fr\/wp-content\/uploads\/2021\/08\/0-1-min.jpg\u00bb _builder_version=\u00bb4.21.0&#8243; global_colors_info=\u00bb{}\u00bb][\/et_pb_image][et_pb_image src=\u00bbhttps:\/\/astekjob.fr\/wp-content\/uploads\/2021\/08\/2017-11_COOPDAYS_Rennes02-min-scaled.jpg\u00bb _builder_version=\u00bb4.21.0&#8243; global_colors_info=\u00bb{}\u00bb][\/et_pb_image][et_pb_image src=\u00bbhttps:\/\/astekjob.fr\/wp-content\/uploads\/2021\/08\/Astek-618571-min.jpg\u00bb _builder_version=\u00bb4.21.0&#8243; global_colors_info=\u00bb{}\u00bb][\/et_pb_image][et_pb_image src=\u00bbhttps:\/\/astekjob.fr\/wp-content\/uploads\/2021\/08\/Astek-619679-min.jpg\u00bb _builder_version=\u00bb4.21.0&#8243; global_colors_info=\u00bb{}\u00bb][\/et_pb_image][et_pb_image src=\u00bbhttps:\/\/astekjob.fr\/wp-content\/uploads\/2021\/08\/Astek-618623-min.jpg\u00bb _builder_version=\u00bb4.21.0&#8243; global_colors_info=\u00bb{}\u00bb][\/et_pb_image][\/et_pb_column][et_pb_column type=\u00bb1_4&#8243; _builder_version=\u00bb4.16&#8243; global_colors_info=\u00bb{}\u00bb][et_pb_image src=\u00bbhttps:\/\/astekjob.fr\/wp-content\/uploads\/2021\/08\/Astek-625353-min.jpg\u00bb _builder_version=\u00bb4.21.0&#8243; global_colors_info=\u00bb{}\u00bb][\/et_pb_image][et_pb_image src=\u00bbhttps:\/\/astekjob.fr\/wp-content\/uploads\/2021\/08\/0-min.jpg\u00bb _builder_version=\u00bb4.21.0&#8243; global_colors_info=\u00bb{}\u00bb][\/et_pb_image][et_pb_image src=\u00bbhttps:\/\/astekjob.fr\/wp-content\/uploads\/2021\/08\/2018-XX_Montpellier01-min.jpg\u00bb _builder_version=\u00bb4.21.0&#8243; global_colors_info=\u00bb{}\u00bb][\/et_pb_image][et_pb_image src=\u00bbhttps:\/\/astekjob.fr\/wp-content\/uploads\/2021\/08\/Astek-625214-min.jpg\u00bb _builder_version=\u00bb4.21.0&#8243; global_colors_info=\u00bb{}\u00bb][\/et_pb_image][\/et_pb_column][et_pb_column type=\u00bb1_4&#8243; _builder_version=\u00bb4.16&#8243; global_colors_info=\u00bb{}\u00bb][et_pb_image src=\u00bbhttps:\/\/astekjob.fr\/wp-content\/uploads\/2021\/08\/2-min-scaled.jpg\u00bb _builder_version=\u00bb4.21.0&#8243; global_colors_info=\u00bb{}\u00bb][\/et_pb_image][et_pb_image src=\u00bbhttps:\/\/astekjob.fr\/wp-content\/uploads\/2021\/08\/56281538_2679198518762214_3382665630434983936_o-min.jpg\u00bb _builder_version=\u00bb4.21.0&#8243; global_colors_info=\u00bb{}\u00bb][\/et_pb_image][et_pb_image src=\u00bbhttps:\/\/astekjob.fr\/wp-content\/uploads\/2021\/08\/Astek-618670-min.jpg\u00bb _builder_version=\u00bb4.21.0&#8243; global_colors_info=\u00bb{}\u00bb][\/et_pb_image][et_pb_image src=\u00bbhttps:\/\/astekjob.fr\/wp-content\/uploads\/2021\/08\/event-4-min.jpg\u00bb _builder_version=\u00bb4.21.0&#8243; global_colors_info=\u00bb{}\u00bb][\/et_pb_image][\/et_pb_column][et_pb_column type=\u00bb1_4&#8243; _builder_version=\u00bb4.16&#8243; global_colors_info=\u00bb{}\u00bb][et_pb_image src=\u00bbhttps:\/\/astekjob.fr\/wp-content\/uploads\/2021\/08\/0-1-min.jpeg\u00bb _builder_version=\u00bb4.21.0&#8243; global_colors_info=\u00bb{}\u00bb][\/et_pb_image][et_pb_image src=\u00bbhttps:\/\/astekjob.fr\/wp-content\/uploads\/2021\/08\/10km-Nice-2-min.jpg\u00bb _builder_version=\u00bb4.21.0&#8243; global_colors_info=\u00bb{}\u00bb][\/et_pb_image][et_pb_image src=\u00bbhttps:\/\/astekjob.fr\/wp-content\/uploads\/2021\/08\/Astek-619563-min.jpg\u00bb _builder_version=\u00bb4.21.0&#8243; global_colors_info=\u00bb{}\u00bb][\/et_pb_image][et_pb_image src=\u00bbhttps:\/\/astekjob.fr\/wp-content\/uploads\/2021\/08\/Astek-624243-min.jpg\u00bb _builder_version=\u00bb4.21.0&#8243; global_colors_info=\u00bb{}\u00bb][\/et_pb_image][\/et_pb_column][\/et_pb_row][\/et_pb_section]<\/p>\n","protected":false},"excerpt":{"rendered":"<p>Astekjob: el sitio de empleo y carrera del Grupo Astek, un jugador global en consultor\u00eda de ingenier\u00eda y tecnolog\u00eda. Comparte la pasi\u00f3n de los hombres y mujeres que hacen Astek.<\/p>\n","protected":false},"author":98,"featured_media":0,"parent":0,"menu_order":0,"comment_status":"closed","ping_status":"closed","template":"","meta":{"_et_pb_use_builder":"on","_et_pb_old_content":"","_et_gb_content_width":"","footnotes":""},"class_list":["post-56971","page","type-page","status-publish","hentry"],"yoast_head":"<!-- This site is optimized with the Yoast SEO plugin v27.5 - https:\/\/yoast.com\/product\/yoast-seo-wordpress\/ -->\n<title>AstekJob - El sitio de trabajo y carrera del Grupo Astek - Astekjob<\/title>\n<meta name=\"description\" content=\"Astekjob: el sitio de empleo y carrera del Grupo Astek. Comparte la pasi\u00f3n de los hombres y mujeres que hacen Astek. \u00a1Sigamos adelante!\" \/>\n<meta name=\"robots\" content=\"index, follow, max-snippet:-1, max-image-preview:large, max-video-preview:-1\" \/>\n<link rel=\"canonical\" href=\"https:\/\/astekjob.fr\/es\/\" \/>\n<meta property=\"og:locale\" content=\"es_ES\" \/>\n<meta property=\"og:type\" content=\"article\" \/>\n<meta property=\"og:title\" content=\"AstekJob - El sitio de trabajo y carrera del Grupo Astek - Astekjob\" \/>\n<meta property=\"og:description\" content=\"Astekjob: el sitio de empleo y carrera del Grupo Astek. Comparte la pasi\u00f3n de los hombres y mujeres que hacen Astek. \u00a1Sigamos adelante!\" \/>\n<meta property=\"og:url\" content=\"https:\/\/astekjob.fr\/es\/\" \/>\n<meta property=\"og:site_name\" content=\"Astekjob\" \/>\n<meta property=\"article:modified_time\" content=\"2025-02-10T12:47:11+00:00\" \/>\n<meta name=\"twitter:card\" content=\"summary_large_image\" \/>\n<meta name=\"twitter:label1\" content=\"Tiempo de lectura\" \/>\n\t<meta name=\"twitter:data1\" content=\"18 minutos\" \/>\n<script type=\"application\/ld+json\" class=\"yoast-schema-graph\">{\"@context\":\"https:\\\/\\\/schema.org\",\"@graph\":[{\"@type\":\"WebPage\",\"@id\":\"https:\\\/\\\/astekjob.fr\\\/es\\\/\",\"url\":\"https:\\\/\\\/astekjob.fr\\\/es\\\/\",\"name\":\"AstekJob - El sitio de trabajo y carrera del Grupo Astek - Astekjob\",\"isPartOf\":{\"@id\":\"https:\\\/\\\/astekjob.fr\\\/es\\\/#website\"},\"datePublished\":\"2022-02-14T13:15:40+00:00\",\"dateModified\":\"2025-02-10T12:47:11+00:00\",\"description\":\"Astekjob: el sitio de empleo y carrera del Grupo Astek. Comparte la pasi\u00f3n de los hombres y mujeres que hacen Astek. \u00a1Sigamos adelante!\",\"breadcrumb\":{\"@id\":\"https:\\\/\\\/astekjob.fr\\\/es\\\/#breadcrumb\"},\"inLanguage\":\"es\",\"potentialAction\":[{\"@type\":\"ReadAction\",\"target\":[\"https:\\\/\\\/astekjob.fr\\\/es\\\/\"]}]},{\"@type\":\"BreadcrumbList\",\"@id\":\"https:\\\/\\\/astekjob.fr\\\/es\\\/#breadcrumb\",\"itemListElement\":[{\"@type\":\"ListItem\",\"position\":1,\"name\":\"Accueil\",\"item\":\"https:\\\/\\\/astekjob.fr\\\/es\\\/\"},{\"@type\":\"ListItem\",\"position\":2,\"name\":\"P\u00e1gina de inicio\"}]},{\"@type\":\"WebSite\",\"@id\":\"https:\\\/\\\/astekjob.fr\\\/es\\\/#website\",\"url\":\"https:\\\/\\\/astekjob.fr\\\/es\\\/\",\"name\":\"Astekjob\",\"description\":\"Le site de recrutement du Groupe Astek\",\"publisher\":{\"@id\":\"https:\\\/\\\/astekjob.fr\\\/es\\\/#organization\"},\"alternateName\":\"Astekjob\",\"potentialAction\":[{\"@type\":\"SearchAction\",\"target\":{\"@type\":\"EntryPoint\",\"urlTemplate\":\"https:\\\/\\\/astekjob.fr\\\/es\\\/?s={search_term_string}\"},\"query-input\":{\"@type\":\"PropertyValueSpecification\",\"valueRequired\":true,\"valueName\":\"search_term_string\"}}],\"inLanguage\":\"es\"},{\"@type\":\"Organization\",\"@id\":\"https:\\\/\\\/astekjob.fr\\\/es\\\/#organization\",\"name\":\"Groupe Astek\",\"url\":\"https:\\\/\\\/astekjob.fr\\\/es\\\/\",\"logo\":{\"@type\":\"ImageObject\",\"inLanguage\":\"es\",\"@id\":\"https:\\\/\\\/astekjob.fr\\\/es\\\/#\\\/schema\\\/logo\\\/image\\\/\",\"url\":\"https:\\\/\\\/astekjob.fr\\\/wp-content\\\/uploads\\\/2021\\\/11\\\/Astek-Group_Hor_Officiel.png\",\"contentUrl\":\"https:\\\/\\\/astekjob.fr\\\/wp-content\\\/uploads\\\/2021\\\/11\\\/Astek-Group_Hor_Officiel.png\",\"width\":1215,\"height\":307,\"caption\":\"Groupe Astek\"},\"image\":{\"@id\":\"https:\\\/\\\/astekjob.fr\\\/es\\\/#\\\/schema\\\/logo\\\/image\\\/\"},\"sameAs\":[\"https:\\\/\\\/www.linkedin.com\\\/company\\\/astek\\\/\"]}]}<\/script>\n<!-- \/ Yoast SEO plugin. -->","yoast_head_json":{"title":"AstekJob - El sitio de trabajo y carrera del Grupo Astek - Astekjob","description":"Astekjob: el sitio de empleo y carrera del Grupo Astek. Comparte la pasi\u00f3n de los hombres y mujeres que hacen Astek. \u00a1Sigamos adelante!","robots":{"index":"index","follow":"follow","max-snippet":"max-snippet:-1","max-image-preview":"max-image-preview:large","max-video-preview":"max-video-preview:-1"},"canonical":"https:\/\/astekjob.fr\/es\/","og_locale":"es_ES","og_type":"article","og_title":"AstekJob - El sitio de trabajo y carrera del Grupo Astek - Astekjob","og_description":"Astekjob: el sitio de empleo y carrera del Grupo Astek. Comparte la pasi\u00f3n de los hombres y mujeres que hacen Astek. \u00a1Sigamos adelante!","og_url":"https:\/\/astekjob.fr\/es\/","og_site_name":"Astekjob","article_modified_time":"2025-02-10T12:47:11+00:00","twitter_card":"summary_large_image","twitter_misc":{"Tiempo de lectura":"18 minutos"},"schema":{"@context":"https:\/\/schema.org","@graph":[{"@type":"WebPage","@id":"https:\/\/astekjob.fr\/es\/","url":"https:\/\/astekjob.fr\/es\/","name":"AstekJob - El sitio de trabajo y carrera del Grupo Astek - Astekjob","isPartOf":{"@id":"https:\/\/astekjob.fr\/es\/#website"},"datePublished":"2022-02-14T13:15:40+00:00","dateModified":"2025-02-10T12:47:11+00:00","description":"Astekjob: el sitio de empleo y carrera del Grupo Astek. Comparte la pasi\u00f3n de los hombres y mujeres que hacen Astek. \u00a1Sigamos adelante!","breadcrumb":{"@id":"https:\/\/astekjob.fr\/es\/#breadcrumb"},"inLanguage":"es","potentialAction":[{"@type":"ReadAction","target":["https:\/\/astekjob.fr\/es\/"]}]},{"@type":"BreadcrumbList","@id":"https:\/\/astekjob.fr\/es\/#breadcrumb","itemListElement":[{"@type":"ListItem","position":1,"name":"Accueil","item":"https:\/\/astekjob.fr\/es\/"},{"@type":"ListItem","position":2,"name":"P\u00e1gina de inicio"}]},{"@type":"WebSite","@id":"https:\/\/astekjob.fr\/es\/#website","url":"https:\/\/astekjob.fr\/es\/","name":"Astekjob","description":"Le site de recrutement du Groupe Astek","publisher":{"@id":"https:\/\/astekjob.fr\/es\/#organization"},"alternateName":"Astekjob","potentialAction":[{"@type":"SearchAction","target":{"@type":"EntryPoint","urlTemplate":"https:\/\/astekjob.fr\/es\/?s={search_term_string}"},"query-input":{"@type":"PropertyValueSpecification","valueRequired":true,"valueName":"search_term_string"}}],"inLanguage":"es"},{"@type":"Organization","@id":"https:\/\/astekjob.fr\/es\/#organization","name":"Groupe Astek","url":"https:\/\/astekjob.fr\/es\/","logo":{"@type":"ImageObject","inLanguage":"es","@id":"https:\/\/astekjob.fr\/es\/#\/schema\/logo\/image\/","url":"https:\/\/astekjob.fr\/wp-content\/uploads\/2021\/11\/Astek-Group_Hor_Officiel.png","contentUrl":"https:\/\/astekjob.fr\/wp-content\/uploads\/2021\/11\/Astek-Group_Hor_Officiel.png","width":1215,"height":307,"caption":"Groupe Astek"},"image":{"@id":"https:\/\/astekjob.fr\/es\/#\/schema\/logo\/image\/"},"sameAs":["https:\/\/www.linkedin.com\/company\/astek\/"]}]}},"_links":{"self":[{"href":"https:\/\/astekjob.fr\/es\/wp-json\/wp\/v2\/pages\/56971","targetHints":{"allow":["GET"]}}],"collection":[{"href":"https:\/\/astekjob.fr\/es\/wp-json\/wp\/v2\/pages"}],"about":[{"href":"https:\/\/astekjob.fr\/es\/wp-json\/wp\/v2\/types\/page"}],"author":[{"embeddable":true,"href":"https:\/\/astekjob.fr\/es\/wp-json\/wp\/v2\/users\/98"}],"replies":[{"embeddable":true,"href":"https:\/\/astekjob.fr\/es\/wp-json\/wp\/v2\/comments?post=56971"}],"version-history":[{"count":0,"href":"https:\/\/astekjob.fr\/es\/wp-json\/wp\/v2\/pages\/56971\/revisions"}],"wp:attachment":[{"href":"https:\/\/astekjob.fr\/es\/wp-json\/wp\/v2\/media?parent=56971"}],"curies":[{"name":"wp","href":"https:\/\/api.w.org\/{rel}","templated":true}]}}