{"id":56993,"date":"2022-02-14T15:54:24","date_gmt":"2022-02-14T14:54:24","guid":{"rendered":"https:\/\/astekjob.fr\/vuelame\/"},"modified":"2022-11-08T16:45:49","modified_gmt":"2022-11-08T14:45:49","slug":"vuelame","status":"publish","type":"page","link":"https:\/\/astekjob.fr\/es\/vuelame\/","title":{"rendered":"Despegar"},"content":{"rendered":"<p>[et_pb_section fb_built=\u00bb1&#8243; admin_label=\u00bbImage Bandeau\u00bb _builder_version=\u00bb4.16&#8243; background_color=\u00bbrgba(0,0,0,0.35)\u00bb background_image=\u00bbhttps:\/\/astekjobdev.wpengine.com\/wp-content\/uploads\/2021\/10\/Stages.jpg\u00bb custom_padding=\u00bb150px||150px||true|false\u00bb collapsed=\u00bbon\u00bb global_colors_info=\u00bb{}\u00bb][et_pb_row admin_label=\u00bbLigne\u00bb _builder_version=\u00bb4.16&#8243; background_color=\u00bbrgba(0,192,114,0.3)\u00bb transform_skew=\u00bb-3deg|-3deg\u00bb border_radii=\u00bbon|12px|12px|12px|12px\u00bb global_colors_info=\u00bb{}\u00bb][et_pb_column type=\u00bb4_4&#8243; _builder_version=\u00bb4.16&#8243; global_colors_info=\u00bb{}\u00bb][et_pb_text admin_label=\u00bbPrenez votre envol\u00bb _builder_version=\u00bb4.16&#8243; header_font=\u00bb|800|||||||\u00bb header_text_color=\u00bb#FFFFFF\u00bb header_font_size=\u00bb70px\u00bb transform_skew=\u00bb-3deg|-3deg\u00bb custom_margin=\u00bb-25px||-25px||true|false\u00bb header_font_size_tablet=\u00bb70px\u00bb header_font_size_phone=\u00bb38px\u00bb header_font_size_last_edited=\u00bbon|desktop\u00bb header_text_shadow_style=\u00bbpreset2&#8243; header_text_shadow_color=\u00bbrgba(0,0,0,0.08)\u00bb border_radii=\u00bbon|12px|12px|12px|12px\u00bb global_colors_info=\u00bb{}\u00bb]<\/p>\n<h1 style=\"text-align: center;\">Despegar<\/h1>\n<p>[\/et_pb_text][\/et_pb_column][\/et_pb_row][\/et_pb_section][et_pb_section fb_built=\u00bb1&#8243; admin_label=\u00bbPr\u00e9sentation et Chiffres\u00bb _builder_version=\u00bb4.16&#8243; _module_preset=\u00bbdefault\u00bb collapsed=\u00bbon\u00bb global_colors_info=\u00bb{}\u00bb][et_pb_row admin_label=\u00bb\u00danete a nuestros equipos\u00bb _builder_version=\u00bb4.16&#8243; _module_preset=\u00bbdefault\u00bb collapsed=\u00bbon\u00bb global_colors_info=\u00bb{}\u00bb][et_pb_column type=\u00bb4_4&#8243; _builder_version=\u00bb4.16&#8243; _module_preset=\u00bbdefault\u00bb global_colors_info=\u00bb{}\u00bb][et_pb_text admin_label=\u00bbRejoignez nos \u00e9quipes\u00bb _builder_version=\u00bb4.17.4&#8243; _module_preset=\u00bbdefault\u00bb global_colors_info=\u00bb{}\u00bb]<\/p>\n<h1 style=\"text-align: center;\">\u00danete a nuestros equipos<\/h1>\n<p>\u00bfQuiere unirse a un grupo en crecimiento, un socio esencial para los actores industriales, de telecomunicaciones y terciarios? Ven a participar apoyando a nuestros clientes en el dise\u00f1o de sus productos y servicios. Participa en la aventura de un actor global en ingenier\u00eda y consultor\u00eda tecnol\u00f3gica, presente en los 5 continentes, y \u00ab\u00a1Avanzamos!\u00bb \u2728<\/p>\n<p><strong>Dale sentido<\/strong> a la innovaci\u00f3n, la tecnolog\u00eda y tus aspiraciones&#8230;.<\/p>\n<p>[\/et_pb_text][et_pb_divider _builder_version=\u00bb4.16&#8243; _module_preset=\u00bbdefault\u00bb global_colors_info=\u00bb{}\u00bb][\/et_pb_divider][et_pb_text admin_label=\u00bbPr\u00e9visions 2022 pour la France\u00bb _builder_version=\u00bb4.16&#8243; _module_preset=\u00bbdefault\u00bb global_colors_info=\u00bb{}\u00bb]<\/p>\n<h1 style=\"text-align: center;\">Pron\u00f3stico 2022 para Francia<\/h1>\n<p>[\/et_pb_text][\/et_pb_column][\/et_pb_row][et_pb_row column_structure=\u00bb1_3,1_3,1_3&#8243; admin_label=\u00bbCifras\u00bb _builder_version=\u00bb4.16&#8243; _module_preset=\u00bbdefault\u00bb collapsed=\u00bbon\u00bb global_colors_info=\u00bb{}\u00bb][et_pb_column type=\u00bb1_3&#8243; _builder_version=\u00bb4.16&#8243; _module_preset=\u00bbdefault\u00bb global_colors_info=\u00bb{}\u00bb][et_pb_number_counter title=\u00bbreclutamientos\u00bb number=\u00bb1200&#8243; percent_sign=\u00bboff\u00bb admin_label=\u00bb1200&#8243; _builder_version=\u00bb4.17.4&#8243; _module_preset=\u00bbdefault\u00bb global_colors_info=\u00bb{}\u00bb][\/et_pb_number_counter][\/et_pb_column][et_pb_column type=\u00bb1_3&#8243; _builder_version=\u00bb4.16&#8243; _module_preset=\u00bbdefault\u00bb global_colors_info=\u00bb{}\u00bb][et_pb_number_counter title=\u00bbpasantias, programas de estudio y trabajo y VIE\u00bb number=\u00bb100&#8243; percent_sign=\u00bboff\u00bb admin_label=\u00bb100&#8243; _builder_version=\u00bb4.17.4&#8243; _module_preset=\u00bbdefault\u00bb global_colors_info=\u00bb{}\u00bb][\/et_pb_number_counter][\/et_pb_column][et_pb_column type=\u00bb1_3&#8243; _builder_version=\u00bb4.16&#8243; _module_preset=\u00bbdefault\u00bb global_colors_info=\u00bb{}\u00bb][et_pb_number_counter title=\u00bbj\u00f3venes graduados\u00bb number=\u00bb40%\u00bb admin_label=\u00bb40%\u00bb _builder_version=\u00bb4.18.0&#8243; _module_preset=\u00bbdefault\u00bb global_colors_info=\u00bb{}\u00bb][\/et_pb_number_counter][\/et_pb_column][\/et_pb_row][\/et_pb_section][et_pb_section fb_built=\u00bb1&#8243; admin_label=\u00bbD\u00e9but de carri\u00e8re\u00bb _builder_version=\u00bb4.16&#8243; _module_preset=\u00bbdefault\u00bb background_color=\u00bb#f7f7f7&#8243; collapsed=\u00bbon\u00bb global_colors_info=\u00bb{}\u00bb][et_pb_row admin_label=\u00bbComienzo de carrera\u00bb _builder_version=\u00bb4.16&#8243; _module_preset=\u00bbdefault\u00bb collapsed=\u00bbon\u00bb global_colors_info=\u00bb{}\u00bb][et_pb_column type=\u00bb4_4&#8243; _builder_version=\u00bb4.16&#8243; _module_preset=\u00bbdefault\u00bb global_colors_info=\u00bb{}\u00bb][et_pb_text admin_label=\u00bbD\u00e9but de carri\u00e8re\u00bb _builder_version=\u00bb4.16&#8243; _module_preset=\u00bbdefault\u00bb global_colors_info=\u00bb{}\u00bb]<\/p>\n<h1 style=\"text-align: center;\">Tu carrera empieza con nosotros<\/h1>\n<p>[\/et_pb_text][et_pb_tabs active_tab_background_color=\u00bb#006976&#8243; inactive_tab_background_color=\u00bb#00C072&#8243; active_tab_text_color=\u00bb#FFFFFF\u00bb admin_label=\u00bbOnglets CDI, stages, alternances et VIE\u00bb _builder_version=\u00bb4.18.1&#8243; _module_preset=\u00bbdefault\u00bb tab_text_color=\u00bb#FFFFFF\u00bb hover_enabled=\u00bb0&#8243; global_colors_info=\u00bb{}\u00bb sticky_enabled=\u00bb0&#8243;][et_pb_tab title=\u00bbJ\u00f3venes graduados\u00bb _builder_version=\u00bb4.18.1&#8243; _module_preset=\u00bbdefault\u00bb hover_enabled=\u00bb0&#8243; global_colors_info=\u00bb{}\u00bb sticky_enabled=\u00bb0&#8243;]&nbsp;<\/p>\n<p style=\"text-align: center;\"><strong><a href='https:\/\/astekjob.fr\/offres-demploi\/?search_keywords=&#038;selected_jobtype=job-type-cdi' class='small-button smallgreen'>Consulta nuestras ofertas de empleo permanente<\/a><\/strong><\/p>\n<p>&nbsp;<br \/>\n&nbsp;<br \/>\nComenzar tu carrera en Astek significa unirte a un equipo donde el desarrollo personal, el esp\u00edritu de equipo y el compromiso de servicio a nuestros clientes van de la mano.<\/p>\n<p>Especializada en Consultor\u00eda de Ingenier\u00eda y Tecnolog\u00eda, Astek ofrece a los j\u00f3venes graduados todo un abanico de posiciones en nuestros diversos campos de actividad.<\/p>\n<table style=\"border-collapse: separate; border-spacing: 1%; vertical-align: top; text-align: center;\">\n<tbody>\n<tr style=\"border-collapse: separate; border-spacing: 1%; vertical-align: top; text-align: center;\">\n<td style=\"width: 250px; border-collapse: separate; vertical-align: top; text-align: center;\"><img loading=\"lazy\" decoding=\"async\" class=\"wp-image-50240 size-medium\" src=\"https:\/\/astekjobdev.wpengine.com\/wp-content\/uploads\/2021\/12\/Data-min.jpg\" alt=\"\" width=\"266\" height=\"177\" \/><\/p>\n<h3>Data &amp; inteligencia artificial<\/h3>\n<ul style=\"text-align: left;\">\n<li>Data engineering<\/li>\n<li>An\u00e1lisis de datos<\/li>\n<li>Big Data<\/li>\n<li>Inteligencia artificial<\/li>\n<\/ul>\n<\/td>\n<td style=\"width: 40px; border-collapse: separate; vertical-align: top; text-align: center;\"><\/td>\n<td style=\"width: 250px;\"><img loading=\"lazy\" decoding=\"async\" class=\"wp-image-50240 size-medium\" src=\"https:\/\/astekjobdev.wpengine.com\/wp-content\/uploads\/2021\/12\/IT-min.jpg\" alt=\"\" width=\"266\" height=\"177\" \/><\/p>\n<h3>IT &amp; experiencia digital<\/h3>\n<ul style=\"text-align: left;\">\n<li>E-business y UX\/UI<\/li>\n<li>Colaboraci\u00f3n y movilidad<\/li>\n<li>Arquitectura y desarrollo<\/li>\n<li>Asesoramiento y asistencia en la gesti\u00f3n de proyectos<\/li>\n<\/ul>\n<\/td>\n<td style=\"width: 40px; border-collapse: separate; vertical-align: top; text-align: center;\"><\/td>\n<td style=\"width: 250px;\"><img loading=\"lazy\" decoding=\"async\" class=\"wp-image-50240 size-medium\" src=\"https:\/\/astekjobdev.wpengine.com\/wp-content\/uploads\/2021\/12\/Embarque-min.jpg\" alt=\"\" width=\"266\" height=\"177\" \/><\/p>\n<h3>Sistemas inteligentes<\/h3>\n<ul style=\"text-align: izquierda;\">\n<li>Sistemas integrados<\/li>\n<li>Sensores, instrumentaci\u00f3n y supervisi\u00f3n<\/li>\n<li>Pruebas y simulaciones<\/li>\n<li>Realidad virtual y aumentada<\/li>\n<\/ul>\n<\/td>\n<\/tr>\n<tr style=\"border-collapse: separate; border-spacing: 1%; vertical-align: top; text-align: center;\">\n<td style=\"width: 250px; border-collapse: separate; vertical-align: top; text-align: center;\"><img loading=\"lazy\" decoding=\"async\" class=\"wp-image-50240 size-medium\" src=\"https:\/\/astekjobdev.wpengine.com\/wp-content\/uploads\/2021\/12\/Infra-min.jpg\" alt=\"\" width=\"266\" height=\"177\" \/><\/p>\n<h3>Infraestructura &amp; la seguridad cibern\u00e9tica<\/h3>\n<ul style=\"text-align: left;\">\n<li>Cloud &amp; DevOps<\/li>\n<li>Sistemas y telecomunicaciones<\/li>\n<li>Protecci\u00f3n y control de SI<\/li>\n<li>IoT y M2M<\/li>\n<\/ul>\n<\/td>\n<td style=\"width: 40px; border-collapse: separate; vertical-align: top; text-align: center;\"><\/td>\n<td style=\"width: 250px;\"><img loading=\"lazy\" decoding=\"async\" class=\"wp-image-50240 size-medium\" src=\"https:\/\/astekjobdev.wpengine.com\/wp-content\/uploads\/2021\/12\/Engineering-min.jpg\" alt=\"\" width=\"266\" height=\"177\" \/><\/p>\n<h3>Ingenier\u00eda de producto &amp; proceso<\/h3>\n<ul style=\"text-align: izquierda;\">\n<li>Ingenier\u00eda y calificaci\u00f3n del sistema<\/li>\n<li>Estudios mec\u00e1nicos<\/li>\n<li>Estudios el\u00e9ctricos<\/li>\n<li>Industrializaci\u00f3n &amp; digital factory<\/li>\n<\/ul>\n<\/td>\n<td style=\"width: 40px; border-collapse: separate; text-align: center;\"><\/td>\n<td style=\"width: 250px;\"><img loading=\"lazy\" decoding=\"async\" class=\"wp-image-50240 size-medium\" src=\"https:\/\/astekjobdev.wpengine.com\/wp-content\/uploads\/2021\/12\/Busidev-min.jpg\" alt=\"\" width=\"266\" height=\"177\" \/><\/p>\n<h3>Business development<\/h3>\n<ul style=\"text-align: left;\">\n<li>Prospecci\u00f3n comercial<\/li>\n<li>Gesti\u00f3n de equipos<\/li>\n<li>Reclutamiento<\/li>\n<li>Administraci\u00f3n de cuentas<\/li>\n<\/ul>\n<\/td>\n<\/tr>\n<\/tbody>\n<\/table>\n<p>[\/et_pb_tab][et_pb_tab title=\u00bbPr\u00e1ctica\u00bb _builder_version=\u00bb4.18.1&#8243; _module_preset=\u00bbdefault\u00bb hover_enabled=\u00bb0&#8243; global_colors_info=\u00bb{}\u00bb sticky_enabled=\u00bb0&#8243;]&nbsp;<\/p>\n<p style=\"text-align: center;\"><strong><a href='https:\/\/astekjob.fr\/offres-demploi\/?search_keywords=&#038;selected_jobtype=job-type-stage' class='small-button smallgreen'>Consulta nuestras ofertas de pasantias<\/a><\/strong><\/p>\n<p>&nbsp;<br \/>\n&nbsp;<br \/>\nRealizar su pasant\u00eda de fin de estudios en Astek se eval\u00faa en un entorno dedicado al aprendizaje y al desarrollo, rico en estudiantes de escuelas de ingenier\u00eda o universidades repartidas por Francia.<br \/>\n&nbsp;<br \/>\nOfrecemos a los estudiantes la oportunidad de enriquecer su curso ofreci\u00e9ndoles una gama de pasantias variadas.<br \/>\n&nbsp;<br \/>\n&nbsp;<\/p>\n<table style=\"border-collapse: separate; border-spacing: 1%; vertical-align: top; text-align: center;\">\n<tbody>\n<tr style=\"border-collapse: separate; border-spacing: 1%; vertical-align: top; text-align: center;\">\n<td style=\"width: 250px; border-collapse: separate; vertical-align: top; text-align: center;\"><img loading=\"lazy\" decoding=\"async\" class=\"wp-image-50238 size-medium\" src=\"https:\/\/astekjobdev.wpengine.com\/wp-content\/uploads\/2021\/12\/Data-min.jpg\" alt=\"\" width=\"266\" height=\"177\" \/><br \/>\nPasantias de <strong>I+D<\/strong>, desde ciencia de datos hasta sistemas integrados, en nuestro laboratorio de innovaci\u00f3n en Boulogne-Billancourt<\/td>\n<td style=\"width: 40px; border-collapse: separate; vertical-align: top; text-align: center;\"><\/td>\n<td style=\"width: 250px;\"><img loading=\"lazy\" decoding=\"async\" class=\"wp-image-50240 size-medium\" src=\"https:\/\/astekjobdev.wpengine.com\/wp-content\/uploads\/2021\/12\/Engineering-min.jpg\" alt=\"\" width=\"266\" height=\"177\" \/><br \/>\nPasantias en <strong>dise\u00f1o o producci\u00f3n industrial<\/strong> en nuestro sitio de producci\u00f3n en Lyon<\/td>\n<td style=\"width: 40px; border-collapse: separate; vertical-align: top; text-align: center;\"><\/td>\n<td style=\"width: 250px;\"><img loading=\"lazy\" decoding=\"async\" class=\"wp-image-50242 size-medium\" src=\"https:\/\/astekjobdev.wpengine.com\/wp-content\/uploads\/2021\/12\/Infra-min.jpg\" alt=\"\" width=\"266\" height=\"177\" \/><br \/>\nPasantias en <strong>seguridad o ciberseguridad<\/strong>, dentro de nuestro Departamento de Sistemas de Informaci\u00f3n en Rennes<\/td>\n<\/tr>\n<tr style=\"border-collapse: separate; border-spacing: 1%; vertical-align: top; text-align: center;\">\n<td style=\"width: 250px; border-collapse: separate; vertical-align: top; text-align: center;\"><img loading=\"lazy\" decoding=\"async\" class=\"wp-image-50238 size-medium\" src=\"https:\/\/astekjobdev.wpengine.com\/wp-content\/uploads\/2021\/08\/sympathie-min-1024x685-1.jpg\" alt=\"\" width=\"266\" height=\"177\" \/>Pasantias de <strong>business management<\/strong> dentro de un equipo de ventas en una de nuestras agencias en Francia<\/td>\n<td style=\"width: 40px; border-collapse: separate; vertical-align: top; text-align: center;\"><\/td>\n<td style=\"width: 250px;\"><img loading=\"lazy\" decoding=\"async\" class=\"wp-image-50240 size-medium\" src=\"https:\/\/astekjobdev.wpengine.com\/wp-content\/uploads\/2021\/12\/Infra-min.jpg\" alt=\"\" width=\"266\" height=\"177\" \/>Pasantias en <strong>desarrollo Cloud<\/strong> en uno de los sitios de nuestra digital factory en Francia<\/td>\n<td style=\"width: 40px; border-collapse: separate; text-align: center;\"><\/td>\n<td style=\"width: 250px;\"><img loading=\"lazy\" decoding=\"async\" class=\"wp-image-50240 size-medium\" src=\"https:\/\/astekjobdev.wpengine.com\/wp-content\/uploads\/2021\/12\/Busidev-min.jpg\" alt=\"\" width=\"266\" height=\"177\" \/>Pasantias en <strong>estrategia y business development<\/strong> internacional en nuestra oficina central en Boulogne-Billancourt<\/td>\n<\/tr>\n<\/tbody>\n<\/table>\n<p>&nbsp;<\/p>\n<p style=\"text-align: center;\"> <a href=\"https:\/\/start.groupeastek.com\/\"><img loading=\"lazy\" decoding=\"async\" class=\"wp-image-50240 size-medium\" src=\"https:\/\/astekjob.fr\/wp-content\/uploads\/2022\/10\/Start-2022-2023.jpg\" alt=\"\" width=\"266\" height=\"177\" \/><\/a><\/p>\n<p style=\"text-align: center;\">M\u00e1s informaci\u00f3n en <a href=\"https:\/\/start.groupeastek.com\/\"><strong>START<\/strong><\/a>, nuestra revista de pasantias en Astek (en franc\u00e9s)<\/p>\n<p>[\/et_pb_tab][et_pb_tab title=\u00bbContrato de estudio\u00bb _builder_version=\u00bb4.18.1&#8243; _module_preset=\u00bbdefault\u00bb hover_enabled=\u00bb0&#8243; global_colors_info=\u00bb{}\u00bb sticky_enabled=\u00bb0&#8243;]&nbsp;<\/p>\n<p style=\"text-align: center;\"><strong><a href='https:\/\/astekjob.fr\/offres-demploi\/?search_keywords=&#038;selected_jobtype=job-type-apprentissage-alternance' class='small-button smallgreen'>Consulta nuestras ofertas de aprendizaje o trabajo-estudio<\/a><\/strong><\/p>\n<p>&nbsp;<br \/>\n&nbsp;<br \/>\nRealizar tu programa de estudio y trabajo dentro de Astek significa evolucionar en un ambiente dedicado al aprendizaje y desarrollo.<br \/>\n&nbsp;<br \/>\nOfrecemos a los estudiantes la oportunidad de enriquecer su carrera ofreci\u00e9ndoles contratos de trabajo-estudio o aprendizaje en numerosas funciones dentro del Grupo.<br \/>\n&nbsp;<br \/>\n&nbsp;<\/p>\n<table style=\"border-collapse: separate; border-spacing: 1%; vertical-align: top; text-align: center;\">\n<tbody>\n<tr style=\"border-collapse: separate; border-spacing: 1%; vertical-align: top; text-align: center;\">\n<td style=\"width: 145px; border-collapse: separate; vertical-align: top; text-align: center;\"><\/td>\n<td style=\"width: 250px; border-collapse: separate; vertical-align: top; text-align: center;\"><img loading=\"lazy\" decoding=\"async\" class=\"wp-image-50238 size-medium\" src=\"https:\/\/astekjobdev.wpengine.com\/wp-content\/uploads\/2021\/12\/Recrutement-min.jpg\" alt=\"\" width=\"266\" height=\"177\" \/><br \/>\nReclutamiento<\/td>\n<td style=\"width: 40px; border-collapse: separate; vertical-align: top; text-align: center;\"><\/td>\n<td style=\"width: 250px; border-collapse: separate; vertical-align: top; text-align: center;\"><img loading=\"lazy\" decoding=\"async\" class=\"wp-image-50240 size-medium\" src=\"https:\/\/astekjobdev.wpengine.com\/wp-content\/uploads\/2021\/12\/Communication-min-e1640253411900.jpg\" alt=\"\" width=\"266\" height=\"177\" \/>Comunicaci\u00f3n<\/td>\n<td style=\"width: 145px; border-collapse: separate; vertical-align: top; text-align: center;\"><\/td>\n<\/tr>\n<tr style=\"border-collapse: separate; border-spacing: 1%; vertical-align: top; text-align: center;\">\n<td style=\"width: 145px; border-collapse: separate; vertical-align: top; text-align: center;\"><\/td>\n<td style=\"width: 250px; border-collapse: separate; vertical-align: top; text-align: center;\"><img loading=\"lazy\" decoding=\"async\" class=\"wp-image-50242 size-medium\" src=\"https:\/\/astekjobdev.wpengine.com\/wp-content\/uploads\/2021\/12\/Juridique-min.jpg\" alt=\"\" width=\"266\" height=\"177\" \/><br \/>\nLegal<\/td>\n<td style=\"width: 40px; border-collapse: separate; vertical-align: top; text-align: center;\"><\/td>\n<td style=\"width: 250px; border-collapse: separate; vertical-align: top; text-align: center;\"><img loading=\"lazy\" decoding=\"async\" class=\"wp-image-50238 size-medium\" src=\"https:\/\/astekjobdev.wpengine.com\/wp-content\/uploads\/2021\/12\/Engineering-min.jpg\" alt=\"\" width=\"266\" height=\"177\" \/>Ingenier\u00eda<\/td>\n<td style=\"width: 145px; border-collapse: separate; vertical-align: top; text-align: center;\"><\/td>\n<\/tr>\n<\/tbody>\n<\/table>\n<p>[\/et_pb_tab][et_pb_tab title=\u00bbV.I.E. (Voluntariado Internacional)\u00bb _builder_version=\u00bb4.18.1&#8243; _module_preset=\u00bbdefault\u00bb hover_enabled=\u00bb0&#8243; global_colors_info=\u00bb{}\u00bb sticky_enabled=\u00bb0&#8243;]&nbsp;<\/p>\n<p style=\"text-align: center;\"><strong><a href='https:\/\/astekjob.fr\/offres-demploi\/?search_keywords=&#038;selected_jobtype=job-type-vie' class='small-button smallgreen'>Consulta nuestras ofertas en Voluntariado Internacional en Empresas<\/a><\/strong><\/p>\n<p>&nbsp;<br \/>\n&nbsp;<br \/>\n&nbsp;<br \/>\n<div id=\"attachment_50283\" style=\"width: 310px\" class=\"wp-caption alignright\"><img loading=\"lazy\" decoding=\"async\" aria-describedby=\"caption-attachment-50283\" class=\"wp-image-50283 size-medium\" src=\"https:\/\/astekjobdev.wpengine.com\/wp-content\/uploads\/2021\/12\/Terre-min.png\" alt=\"Voluntariado Internacional\" width=\"300\" height=\"300\" \/><p id=\"caption-attachment-50283\" class=\"wp-caption-text\">M\u00e1s informaci\u00f3n (en franc\u00e9s) sobre VIE en el sitio web de <a href=\"https:\/\/mon-vie-via.businessfrance.fr\/\" target=\"_blank\" rel=\"noopener\">businessfrance.fr<\/a><br \/><\/p><\/div><br \/>\n\u00bfTienes entre 18 y 28 a\u00f1os y eres nacional de un pa\u00eds del Espacio Econ\u00f3mico Europeo? El Grupo Astek te ofrece puestos en Voluntariado Internacional en Empresas <strong>en B\u00e9lgica, Canad\u00e1, Espa\u00f1a o los Pa\u00edses Bajos<\/strong> que te permiten iniciar tu carrera en el extranjero.[\/et_pb_tab][\/et_pb_tabs][\/et_pb_column][\/et_pb_row][\/et_pb_section][et_pb_section fb_built=\u00bb1&#8243; admin_label=\u00bbPostes exp\u00e9riment\u00e9s\u00bb _builder_version=\u00bb4.16&#8243; _module_preset=\u00bbdefault\u00bb collapsed=\u00bbon\u00bb global_colors_info=\u00bb{}\u00bb][et_pb_row admin_label=\u00bbPosiciones con experiencia\u00bb _builder_version=\u00bb4.16&#8243; _module_preset=\u00bbdefault\u00bb global_colors_info=\u00bb{}\u00bb][et_pb_column type=\u00bb4_4&#8243; _builder_version=\u00bb4.16&#8243; _module_preset=\u00bbdefault\u00bb global_colors_info=\u00bb{}\u00bb][et_pb_text admin_label=\u00bbPostes exp\u00e9riment\u00e9s\u00bb _builder_version=\u00bb4.16&#8243; _module_preset=\u00bbdefault\u00bb hover_enabled=\u00bb0&#8243; global_colors_info=\u00bb{}\u00bb sticky_enabled=\u00bb0&#8243;]<\/p>\n<h1 style=\"text-align: center;\">Nuestras posiciones experimentadas<\/h1>\n<p>[\/et_pb_text][et_pb_tabs active_tab_background_color=\u00bb#006976&#8243; inactive_tab_background_color=\u00bb#00C072&#8243; active_tab_text_color=\u00bb#FFFFFF\u00bb admin_label=\u00bbOnglets consultants, chefs de projet et management \u00bb _builder_version=\u00bb4.18.1&#8243; _module_preset=\u00bbdefault\u00bb tab_text_color=\u00bb#FFFFFF\u00bb hover_enabled=\u00bb0&#8243; global_colors_info=\u00bb{}\u00bb sticky_enabled=\u00bb0&#8243;][et_pb_tab title=\u00bb  Consultores expertos\u00bb _builder_version=\u00bb4.18.1&#8243; _module_preset=\u00bbdefault\u00bb hover_enabled=\u00bb0&#8243; global_colors_info=\u00bb{}\u00bb sticky_enabled=\u00bb0&#8243;]&nbsp;<\/p>\n<p style=\"text-align: center;\"><strong><a href='https:\/\/astekjob.fr\/offres-demploi\/?search_keywords=&#038;selected_jobtype=job-type-cdi' class='small-button smallgreen'>Consulta nuestras ofertas<\/a><\/strong><\/p>\n<p>&nbsp;<br \/>\n&nbsp;<\/p>\n<p><img loading=\"lazy\" decoding=\"async\" class=\"wp-image-50956  alignright\" src=\"https:\/\/astekjobdev.wpengine.com\/wp-content\/uploads\/2021\/11\/Speech-300x200.jpg\" alt=\"\" width=\"400\" height=\"266\" srcset=\"https:\/\/astekjob.fr\/wp-content\/uploads\/2021\/11\/Speech-300x200.jpg 300w, https:\/\/astekjob.fr\/wp-content\/uploads\/2021\/11\/Speech-480x320.jpg 480w, https:\/\/astekjob.fr\/wp-content\/uploads\/2021\/11\/Speech.jpg 640w\" sizes=\"(max-width: 400px) 100vw, 400px\" \/>El Grupo Astek lleva a cabo multitud de proyectos que requieren un alto grado de especializaci\u00f3n tecnol\u00f3gica, metodol\u00f3gica y empresarial.<\/p>\n<p>Cada uno de nuestros proyectos es un reto nuevo, innovador y motivador. Ven y trae, comparte y desarrolla tu saber hacer personal.<\/p>\n<p>Nuestras diferentes \u00e1reas de actividad requieren cada una de ellas la presencia de numerosos expertos:<\/p>\n<ul>\n<li>en consultor\u00eda empresarial espec\u00edfica para cada uno de nuestros clientes y socios<\/li>\n<li>en asesoramiento metodol\u00f3gico, gesti\u00f3n de proyectos, formaci\u00f3n, comunicaci\u00f3n digital&#8230;<\/li>\n<li>en optimizaci\u00f3n de procesos: transformaci\u00f3n digital, transici\u00f3n energ\u00e9tica, impacto ambiental y social, cambios regulatorios, seguridad y ciberseguridad&#8230;<\/li>\n<li>en dise\u00f1o o ingenier\u00eda de TI, desarrollo, producci\u00f3n, fabricaci\u00f3n, pruebas, pruebas&#8230;<\/li>\n<li>en la experiencia del cliente o usuario, la percepci\u00f3n de necesidades&#8230;<\/li>\n<\/ul>\n<p>&#8230; as\u00ed como, por supuesto, toda la experiencia relacionada con un campo t\u00e9cnico, una tecnolog\u00eda, una herramienta, un idioma o una regulaci\u00f3n en particular.<\/p>\n<p>Sea cual sea su pasi\u00f3n y su experiencia en alta tecnolog\u00eda, encontrar\u00e1 en nuestros proyectos los medios para promoverlos y llevarlos m\u00e1s lejos, y sobre todo para compartirlos con otros entusiastas.<\/p>\n<p>[\/et_pb_tab][et_pb_tab title=\u00bbGesti\u00f3n de proyecto\u00bb _builder_version=\u00bb4.18.1&#8243; _module_preset=\u00bbdefault\u00bb hover_enabled=\u00bb0&#8243; global_colors_info=\u00bb{}\u00bb sticky_enabled=\u00bb0&#8243;]&nbsp;<\/p>\n<p style=\"text-align: center;\"><strong><a href='https:\/\/astekjob.fr\/offres-demploi\/?search_keywords=&#038;selected_jobtype=job-type-cdi' class='small-button smallgreen'>Consulta nuestras ofertas<\/a><\/strong><\/p>\n<p>&nbsp;<br \/>\n&nbsp;<\/p>\n<p><img loading=\"lazy\" decoding=\"async\" class=\"wp-image-50947  alignright\" src=\"https:\/\/astekjobdev.wpengine.com\/wp-content\/uploads\/2021\/11\/Workers-300x218.jpg\" alt=\"\" width=\"392\" height=\"285\" srcset=\"https:\/\/astekjob.fr\/wp-content\/uploads\/2021\/11\/Workers-300x218.jpg 300w, https:\/\/astekjob.fr\/wp-content\/uploads\/2021\/11\/Workers-480x349.jpg 480w, https:\/\/astekjob.fr\/wp-content\/uploads\/2021\/11\/Workers.jpg 599w\" sizes=\"(max-width: 392px) 100vw, 392px\" \/>Siempre estamos buscando ingenieros y consultores experimentados que puedan:<\/p>\n<ul>\n<li>liderar con \u00e9xito toda la realizaci\u00f3n de proyectos inform\u00e1ticos o de ingenier\u00eda, desde los primeros prototipos hasta el final del ciclo de vida de los productos y servicios prestados.<\/li>\n<li>para supervisar, motivar, entrenar y desarrollar equipos de diferentes tama\u00f1os y con m\u00faltiples habilidades que re\u00fanan a investigadores, dise\u00f1adores, desarrolladores, evaluadores, formadores&#8230;<\/li>\n<li>auditar y optimizar los procesos y productos de nuestros clientes, definir con ellos estrategias innovadoras y traducirlas en especificaciones de desarrollo precisas.<\/li>\n<li>establecer y velar por la aplicaci\u00f3n de los distintos m\u00e9todos y metodolog\u00edas que aseguren el \u00e9xito de los proyectos que se nos encomiendan.<\/li>\n<li>asegurar la calidad y validaci\u00f3n de los productos y servicios innovadores desarrollados por el Grupo Astek o sus socios, teniendo en cuenta las diversas limitaciones: legales, econ\u00f3micas, sociales, de seguridad, ambientales, etc.<\/li>\n<li>para dominar todos los componentes de un programa o proyecto a gran escala: problemas, recursos, cronogramas, presupuestos, riesgos, comunicaci\u00f3n, restricciones, dependencias, as\u00ed como todas las fases desde el dise\u00f1o hasta el soporte y el desmantelamiento.<\/li>\n<\/ul>\n<p>con el reto diario de brindar a nuestros clientes un servicio que supere sus expectativas en cuanto a satisfacci\u00f3n.<\/p>\n<p>Ya sea en gesti\u00f3n de proyectos o gesti\u00f3n de proyectos, para un proyecto para uno de nuestros socios o clientes o para un proyecto de grupo interno, podr\u00e1 traducir su pasi\u00f3n por las nuevas tecnolog\u00edas en el pilotaje de su propia realizaci\u00f3n de principio a fin.<\/p>\n<p>[\/et_pb_tab][et_pb_tab title=\u00bbBusiness managers\u00bb _builder_version=\u00bb4.18.1&#8243; _module_preset=\u00bbdefault\u00bb hover_enabled=\u00bb0&#8243; global_colors_info=\u00bb{}\u00bb sticky_enabled=\u00bb0&#8243;]&nbsp;<\/p>\n<p style=\"text-align: center;\"><strong><a href='https:\/\/astekjobdev.wpengine.com\/offres-demploi\/?search_keywords=&#038;selected_category=metiers-management-business&#038;selected_jobtype=job-type-cdi' class='small-button smallgreen'>Consulta nuestras ofertas en Business Management<\/a><\/strong><\/p>\n<p>&nbsp;<br \/>\n&nbsp;<br \/>\n<img loading=\"lazy\" decoding=\"async\" class=\"wp-image-49757  alignright\" src=\"https:\/\/astekjobdev.wpengine.com\/wp-content\/uploads\/2021\/08\/sympathie-min-1024x685-1-300x201.jpg\" alt=\"\" width=\"373\" height=\"250\" srcset=\"https:\/\/astekjob.fr\/wp-content\/uploads\/2021\/08\/sympathie-min-1024x685-1-300x201.jpg 300w, https:\/\/astekjob.fr\/wp-content\/uploads\/2021\/08\/sympathie-min-1024x685-1-768x514.jpg 768w, https:\/\/astekjob.fr\/wp-content\/uploads\/2021\/08\/sympathie-min-1024x685-1-980x656.jpg 980w, https:\/\/astekjob.fr\/wp-content\/uploads\/2021\/08\/sympathie-min-1024x685-1-480x321.jpg 480w, https:\/\/astekjob.fr\/wp-content\/uploads\/2021\/08\/sympathie-min-1024x685-1.jpg 1024w\" sizes=\"(max-width: 373px) 100vw, 373px\" \/>\u00danete a la comunidad de Directores del Grupo Astek.<br \/>\nLe ofrecemos administrar su propio centro de ganancias. Le interesar\u00e1 estructurar y gestionar un per\u00edmetro tanto geogr\u00e1fico como t\u00e9cnico en torno a algunas de nuestras ofertas en una de nuestras dos \u00e1reas de especializaci\u00f3n: inform\u00e1tica e ingenier\u00eda.<br \/>\n&nbsp;<br \/>\nGestionar\u00e1s cientos de consultores y la actividad de varios Business Managers en tu \u00e1mbito, a los que entrenar\u00e1s diariamente.<br \/>\nContribuir\u00e1s directamente a la estrategia comercial de tu per\u00edmetro y al posicionamiento de socio imprescindible de players industriales, de telecomunicaciones y terciarios.<br \/>\nGestionar\u00e1s las distintas actividades de apoyo dentro de tu \u00e1mbito: prospecci\u00f3n comercial, captaci\u00f3n, etc.<br \/>\n&nbsp;<br \/>\nQuiere integrarse a un grupo en crecimiento, que lidera una estrategia de desarrollo interno y crecimiento externo. \u00a1Seguir la corriente! \u00a1Alejarse![\/et_pb_tab][\/et_pb_tabs][\/et_pb_column][\/et_pb_row][\/et_pb_section]<\/p>\n","protected":false},"excerpt":{"rendered":"<p>Su trabajo dentro del Grupo Astek, un jugador global en consultor\u00eda de ingenier\u00eda y tecnolog\u00eda, presente en los 5 continentes.<\/p>\n","protected":false},"author":98,"featured_media":0,"parent":0,"menu_order":0,"comment_status":"closed","ping_status":"closed","template":"","meta":{"_et_pb_use_builder":"on","_et_pb_old_content":"","_et_gb_content_width":"","footnotes":""},"class_list":["post-56993","page","type-page","status-publish","hentry"],"yoast_head":"<!-- This site is optimized with the Yoast SEO plugin v27.5 - https:\/\/yoast.com\/product\/yoast-seo-wordpress\/ -->\n<title>Su empleo dentro del Grupo Astek - Astekjob<\/title>\n<meta name=\"description\" content=\"Su trabajo dentro del Grupo Astek, un jugador global en consultor\u00eda de ingenier\u00eda y tecnolog\u00eda, presente en los 5 continentes.\" \/>\n<meta name=\"robots\" content=\"index, follow, max-snippet:-1, max-image-preview:large, max-video-preview:-1\" \/>\n<link rel=\"canonical\" href=\"https:\/\/astekjob.fr\/es\/vuelame\/\" \/>\n<meta property=\"og:locale\" content=\"es_ES\" \/>\n<meta property=\"og:type\" content=\"article\" \/>\n<meta property=\"og:title\" content=\"Su empleo dentro del Grupo Astek - Astekjob\" \/>\n<meta property=\"og:description\" content=\"Su trabajo dentro del Grupo Astek, un jugador global en consultor\u00eda de ingenier\u00eda y tecnolog\u00eda, presente en los 5 continentes.\" \/>\n<meta property=\"og:url\" content=\"https:\/\/astekjob.fr\/es\/vuelame\/\" \/>\n<meta property=\"og:site_name\" content=\"Astekjob\" \/>\n<meta property=\"article:modified_time\" content=\"2022-11-08T14:45:49+00:00\" \/>\n<meta property=\"og:image\" content=\"https:\/\/astekjobdev.wpengine.com\/wp-content\/uploads\/2021\/12\/Data-min.jpg\" \/>\n<meta name=\"twitter:card\" content=\"summary_large_image\" \/>\n<meta name=\"twitter:label1\" content=\"Tiempo de lectura\" \/>\n\t<meta name=\"twitter:data1\" content=\"11 minutos\" \/>\n<script type=\"application\/ld+json\" class=\"yoast-schema-graph\">{\"@context\":\"https:\\\/\\\/schema.org\",\"@graph\":[{\"@type\":\"WebPage\",\"@id\":\"https:\\\/\\\/astekjob.fr\\\/es\\\/vuelame\\\/\",\"url\":\"https:\\\/\\\/astekjob.fr\\\/es\\\/vuelame\\\/\",\"name\":\"Su empleo dentro del Grupo Astek - Astekjob\",\"isPartOf\":{\"@id\":\"https:\\\/\\\/astekjob.fr\\\/es\\\/#website\"},\"primaryImageOfPage\":{\"@id\":\"https:\\\/\\\/astekjob.fr\\\/es\\\/vuelame\\\/#primaryimage\"},\"image\":{\"@id\":\"https:\\\/\\\/astekjob.fr\\\/es\\\/vuelame\\\/#primaryimage\"},\"thumbnailUrl\":\"https:\\\/\\\/astekjobdev.wpengine.com\\\/wp-content\\\/uploads\\\/2021\\\/12\\\/Data-min.jpg\",\"datePublished\":\"2022-02-14T14:54:24+00:00\",\"dateModified\":\"2022-11-08T14:45:49+00:00\",\"description\":\"Su trabajo dentro del Grupo Astek, un jugador global en consultor\u00eda de ingenier\u00eda y tecnolog\u00eda, presente en los 5 continentes.\",\"breadcrumb\":{\"@id\":\"https:\\\/\\\/astekjob.fr\\\/es\\\/vuelame\\\/#breadcrumb\"},\"inLanguage\":\"es\",\"potentialAction\":[{\"@type\":\"ReadAction\",\"target\":[\"https:\\\/\\\/astekjob.fr\\\/es\\\/vuelame\\\/\"]}]},{\"@type\":\"ImageObject\",\"inLanguage\":\"es\",\"@id\":\"https:\\\/\\\/astekjob.fr\\\/es\\\/vuelame\\\/#primaryimage\",\"url\":\"https:\\\/\\\/astekjobdev.wpengine.com\\\/wp-content\\\/uploads\\\/2021\\\/12\\\/Data-min.jpg\",\"contentUrl\":\"https:\\\/\\\/astekjobdev.wpengine.com\\\/wp-content\\\/uploads\\\/2021\\\/12\\\/Data-min.jpg\"},{\"@type\":\"BreadcrumbList\",\"@id\":\"https:\\\/\\\/astekjob.fr\\\/es\\\/vuelame\\\/#breadcrumb\",\"itemListElement\":[{\"@type\":\"ListItem\",\"position\":1,\"name\":\"Accueil\",\"item\":\"https:\\\/\\\/astekjob.fr\\\/es\\\/\"},{\"@type\":\"ListItem\",\"position\":2,\"name\":\"Despegar\"}]},{\"@type\":\"WebSite\",\"@id\":\"https:\\\/\\\/astekjob.fr\\\/es\\\/#website\",\"url\":\"https:\\\/\\\/astekjob.fr\\\/es\\\/\",\"name\":\"Astekjob\",\"description\":\"Le site de recrutement du Groupe Astek\",\"publisher\":{\"@id\":\"https:\\\/\\\/astekjob.fr\\\/es\\\/#organization\"},\"alternateName\":\"Astekjob\",\"potentialAction\":[{\"@type\":\"SearchAction\",\"target\":{\"@type\":\"EntryPoint\",\"urlTemplate\":\"https:\\\/\\\/astekjob.fr\\\/es\\\/?s={search_term_string}\"},\"query-input\":{\"@type\":\"PropertyValueSpecification\",\"valueRequired\":true,\"valueName\":\"search_term_string\"}}],\"inLanguage\":\"es\"},{\"@type\":\"Organization\",\"@id\":\"https:\\\/\\\/astekjob.fr\\\/es\\\/#organization\",\"name\":\"Groupe Astek\",\"url\":\"https:\\\/\\\/astekjob.fr\\\/es\\\/\",\"logo\":{\"@type\":\"ImageObject\",\"inLanguage\":\"es\",\"@id\":\"https:\\\/\\\/astekjob.fr\\\/es\\\/#\\\/schema\\\/logo\\\/image\\\/\",\"url\":\"https:\\\/\\\/astekjob.fr\\\/wp-content\\\/uploads\\\/2021\\\/11\\\/Astek-Group_Hor_Officiel.png\",\"contentUrl\":\"https:\\\/\\\/astekjob.fr\\\/wp-content\\\/uploads\\\/2021\\\/11\\\/Astek-Group_Hor_Officiel.png\",\"width\":1215,\"height\":307,\"caption\":\"Groupe Astek\"},\"image\":{\"@id\":\"https:\\\/\\\/astekjob.fr\\\/es\\\/#\\\/schema\\\/logo\\\/image\\\/\"},\"sameAs\":[\"https:\\\/\\\/www.linkedin.com\\\/company\\\/astek\\\/\"]}]}<\/script>\n<!-- \/ Yoast SEO plugin. -->","yoast_head_json":{"title":"Su empleo dentro del Grupo Astek - Astekjob","description":"Su trabajo dentro del Grupo Astek, un jugador global en consultor\u00eda de ingenier\u00eda y tecnolog\u00eda, presente en los 5 continentes.","robots":{"index":"index","follow":"follow","max-snippet":"max-snippet:-1","max-image-preview":"max-image-preview:large","max-video-preview":"max-video-preview:-1"},"canonical":"https:\/\/astekjob.fr\/es\/vuelame\/","og_locale":"es_ES","og_type":"article","og_title":"Su empleo dentro del Grupo Astek - Astekjob","og_description":"Su trabajo dentro del Grupo Astek, un jugador global en consultor\u00eda de ingenier\u00eda y tecnolog\u00eda, presente en los 5 continentes.","og_url":"https:\/\/astekjob.fr\/es\/vuelame\/","og_site_name":"Astekjob","article_modified_time":"2022-11-08T14:45:49+00:00","og_image":[{"url":"https:\/\/astekjobdev.wpengine.com\/wp-content\/uploads\/2021\/12\/Data-min.jpg","type":"","width":"","height":""}],"twitter_card":"summary_large_image","twitter_misc":{"Tiempo de lectura":"11 minutos"},"schema":{"@context":"https:\/\/schema.org","@graph":[{"@type":"WebPage","@id":"https:\/\/astekjob.fr\/es\/vuelame\/","url":"https:\/\/astekjob.fr\/es\/vuelame\/","name":"Su empleo dentro del Grupo Astek - Astekjob","isPartOf":{"@id":"https:\/\/astekjob.fr\/es\/#website"},"primaryImageOfPage":{"@id":"https:\/\/astekjob.fr\/es\/vuelame\/#primaryimage"},"image":{"@id":"https:\/\/astekjob.fr\/es\/vuelame\/#primaryimage"},"thumbnailUrl":"https:\/\/astekjobdev.wpengine.com\/wp-content\/uploads\/2021\/12\/Data-min.jpg","datePublished":"2022-02-14T14:54:24+00:00","dateModified":"2022-11-08T14:45:49+00:00","description":"Su trabajo dentro del Grupo Astek, un jugador global en consultor\u00eda de ingenier\u00eda y tecnolog\u00eda, presente en los 5 continentes.","breadcrumb":{"@id":"https:\/\/astekjob.fr\/es\/vuelame\/#breadcrumb"},"inLanguage":"es","potentialAction":[{"@type":"ReadAction","target":["https:\/\/astekjob.fr\/es\/vuelame\/"]}]},{"@type":"ImageObject","inLanguage":"es","@id":"https:\/\/astekjob.fr\/es\/vuelame\/#primaryimage","url":"https:\/\/astekjobdev.wpengine.com\/wp-content\/uploads\/2021\/12\/Data-min.jpg","contentUrl":"https:\/\/astekjobdev.wpengine.com\/wp-content\/uploads\/2021\/12\/Data-min.jpg"},{"@type":"BreadcrumbList","@id":"https:\/\/astekjob.fr\/es\/vuelame\/#breadcrumb","itemListElement":[{"@type":"ListItem","position":1,"name":"Accueil","item":"https:\/\/astekjob.fr\/es\/"},{"@type":"ListItem","position":2,"name":"Despegar"}]},{"@type":"WebSite","@id":"https:\/\/astekjob.fr\/es\/#website","url":"https:\/\/astekjob.fr\/es\/","name":"Astekjob","description":"Le site de recrutement du Groupe Astek","publisher":{"@id":"https:\/\/astekjob.fr\/es\/#organization"},"alternateName":"Astekjob","potentialAction":[{"@type":"SearchAction","target":{"@type":"EntryPoint","urlTemplate":"https:\/\/astekjob.fr\/es\/?s={search_term_string}"},"query-input":{"@type":"PropertyValueSpecification","valueRequired":true,"valueName":"search_term_string"}}],"inLanguage":"es"},{"@type":"Organization","@id":"https:\/\/astekjob.fr\/es\/#organization","name":"Groupe Astek","url":"https:\/\/astekjob.fr\/es\/","logo":{"@type":"ImageObject","inLanguage":"es","@id":"https:\/\/astekjob.fr\/es\/#\/schema\/logo\/image\/","url":"https:\/\/astekjob.fr\/wp-content\/uploads\/2021\/11\/Astek-Group_Hor_Officiel.png","contentUrl":"https:\/\/astekjob.fr\/wp-content\/uploads\/2021\/11\/Astek-Group_Hor_Officiel.png","width":1215,"height":307,"caption":"Groupe Astek"},"image":{"@id":"https:\/\/astekjob.fr\/es\/#\/schema\/logo\/image\/"},"sameAs":["https:\/\/www.linkedin.com\/company\/astek\/"]}]}},"_links":{"self":[{"href":"https:\/\/astekjob.fr\/es\/wp-json\/wp\/v2\/pages\/56993","targetHints":{"allow":["GET"]}}],"collection":[{"href":"https:\/\/astekjob.fr\/es\/wp-json\/wp\/v2\/pages"}],"about":[{"href":"https:\/\/astekjob.fr\/es\/wp-json\/wp\/v2\/types\/page"}],"author":[{"embeddable":true,"href":"https:\/\/astekjob.fr\/es\/wp-json\/wp\/v2\/users\/98"}],"replies":[{"embeddable":true,"href":"https:\/\/astekjob.fr\/es\/wp-json\/wp\/v2\/comments?post=56993"}],"version-history":[{"count":0,"href":"https:\/\/astekjob.fr\/es\/wp-json\/wp\/v2\/pages\/56993\/revisions"}],"wp:attachment":[{"href":"https:\/\/astekjob.fr\/es\/wp-json\/wp\/v2\/media?parent=56993"}],"curies":[{"name":"wp","href":"https:\/\/api.w.org\/{rel}","templated":true}]}}