{"id":57074,"date":"2022-02-15T12:22:08","date_gmt":"2022-02-15T11:22:08","guid":{"rendered":"https:\/\/astekjob.fr\/notas-legales\/"},"modified":"2025-09-12T09:47:32","modified_gmt":"2025-09-12T07:47:32","slug":"notas-legales","status":"publish","type":"page","link":"https:\/\/astekjob.fr\/es\/notas-legales\/","title":{"rendered":"Notas legales"},"content":{"rendered":"<p>[et_pb_section fb_built=\u00bb1&#8243; admin_label=\u00bbMentions l\u00e9gales\u00bb _builder_version=\u00bb4.16&#8243; background_color=\u00bbrgba(0,0,0,0.35)\u00bb background_image=\u00bbhttps:\/\/astekjob.fr\/wp-content\/uploads\/2021\/12\/Data-min-e1640252507104.jpg\u00bb background_blend=\u00bboverlay\u00bb custom_padding=\u00bb140px||140px||true|false\u00bb da_disable_devices=\u00bboff|off|off\u00bb locked=\u00bboff\u00bb collapsed=\u00bbon\u00bb global_colors_info=\u00bb{}\u00bb da_is_popup=\u00bboff\u00bb da_exit_intent=\u00bboff\u00bb da_has_close=\u00bbon\u00bb da_alt_close=\u00bboff\u00bb da_dark_close=\u00bboff\u00bb da_not_modal=\u00bbon\u00bb da_is_singular=\u00bboff\u00bb da_with_loader=\u00bboff\u00bb da_has_shadow=\u00bbon\u00bb][et_pb_row admin_label=\u00bbNotas legales\u00bb _builder_version=\u00bb4.16&#8243; global_colors_info=\u00bb{}\u00bb][et_pb_column type=\u00bb4_4&#8243; _builder_version=\u00bb4.16&#8243; global_colors_info=\u00bb{}\u00bb][et_pb_text admin_label=\u00bbMENTIONS L\u00c9GALES\u00bb _builder_version=\u00bb4.16&#8243; header_font=\u00bb|800|||||||\u00bb header_text_align=\u00bbcenter\u00bb header_text_color=\u00bb#ffffff\u00bb header_font_size=\u00bb80px\u00bb background_color=\u00bbrgba(0,192,114,0.3)\u00bb transform_skew=\u00bb-3deg|-3deg\u00bb header_font_size_tablet=\u00bb\u00bb header_font_size_phone=\u00bb39px\u00bb header_font_size_last_edited=\u00bbon|desktop\u00bb header_text_shadow_style=\u00bbpreset5&#8243; header_text_shadow_color=\u00bbrgba(0,0,0,0.08)\u00bb border_radii=\u00bbon|12px|12px|12px|12px\u00bb global_colors_info=\u00bb{}\u00bb]<\/p>\n<h1>NOTAS LEGALES<\/h1>\n<p>[\/et_pb_text][\/et_pb_column][\/et_pb_row][\/et_pb_section][et_pb_section fb_built=\u00bb1&#8243; admin_label=\u00bbConditions g\u00e9n\u00e9rales d\u2019utilisation\u00bb _builder_version=\u00bb4.16&#8243; custom_padding=\u00bb||90px|||\u00bb da_disable_devices=\u00bboff|off|off\u00bb collapsed=\u00bbon\u00bb global_colors_info=\u00bb{}\u00bb da_is_popup=\u00bboff\u00bb da_exit_intent=\u00bboff\u00bb da_has_close=\u00bbon\u00bb da_alt_close=\u00bboff\u00bb da_dark_close=\u00bboff\u00bb da_not_modal=\u00bbon\u00bb da_is_singular=\u00bboff\u00bb da_with_loader=\u00bboff\u00bb da_has_shadow=\u00bbon\u00bb][et_pb_row admin_label=\u00bbNotas legales\u00bb _builder_version=\u00bb4.16&#8243; background_size=\u00bbinitial\u00bb background_position=\u00bbtop_left\u00bb background_repeat=\u00bbrepeat\u00bb custom_padding=\u00bb||27px|||\u00bb collapsed=\u00bboff\u00bb global_colors_info=\u00bb{}\u00bb][et_pb_column type=\u00bb4_4&#8243; _builder_version=\u00bb4.16&#8243; custom_padding=\u00bb|||\u00bb global_colors_info=\u00bb{}\u00bb custom_padding__hover=\u00bb|||\u00bb][et_pb_text admin_label=\u00bbConditions g\u00e9n\u00e9rales d\u2019utilisation\u00bb _builder_version=\u00bb4.16&#8243; background_size=\u00bbinitial\u00bb background_position=\u00bbtop_left\u00bb background_repeat=\u00bbrepeat\u00bb global_colors_info=\u00bb{}\u00bb]<\/p>\n<h2>Condiciones generales de <strong>uso<\/strong><\/h2>\n<p><\/p>\n<p>&nbsp;<\/p>\n<p><\/p>\n<p>Actualmente est\u00e1 conectado al sitio web \u00bb www.astekjob.fr \u00bb creado por (Grupo) Astek para la informaci\u00f3n personal de sus usuarios. Su uso del sitio est\u00e1 sujeto al cumplimiento de las condiciones generales de acceso y uso que se detallan a continuaci\u00f3n (\u00abCondiciones generales de uso\u00bb) y todas las leyes aplicables. Al acceder al sitio, navegar y utilizarlo, aceptas sin reservas las condiciones generales.<\/p>\n<p><\/p>\n<p>Solo puede optar por navegar y consultar este sitio sin transmitir ning\u00fan dato personal sobre usted.<\/p>\n<p><\/p>\n<p>Cuando expresa el deseo de compartir informaci\u00f3n personal, la informaci\u00f3n recopilada sobre usted solo se utiliza para responder a sus solicitudes de informaci\u00f3n o sus aplicaciones. Est\u00e1n destinados exclusivamente a (Grupo) Astek con fines de encuestas, an\u00e1lisis, comunicaciones institucionales o, si est\u00e1 de acuerdo, propuestas comerciales. Esta informaci\u00f3n es confidencial y es mantenida por (Grupo) Astek y sus subsidiarias.<\/p>\n<p>[\/et_pb_text][\/et_pb_column][\/et_pb_row][\/et_pb_section][et_pb_section fb_built=\u00bb1&#8243; admin_label=\u00bbDonn\u00e9es recueillies sur le site\u00bb _builder_version=\u00bb4.16&#8243; background_color=\u00bb#00C072&#8243; custom_padding=\u00bb||90px|||\u00bb da_disable_devices=\u00bboff|off|off\u00bb collapsed=\u00bbon\u00bb global_colors_info=\u00bb{}\u00bb da_is_popup=\u00bboff\u00bb da_exit_intent=\u00bboff\u00bb da_has_close=\u00bbon\u00bb da_alt_close=\u00bboff\u00bb da_dark_close=\u00bboff\u00bb da_not_modal=\u00bbon\u00bb da_is_singular=\u00bboff\u00bb da_with_loader=\u00bboff\u00bb da_has_shadow=\u00bbon\u00bb][et_pb_row admin_label=\u00bbDatos personales y otros datos recopilados en el sitio web\u00bb _builder_version=\u00bb4.16&#8243; background_size=\u00bbinitial\u00bb background_position=\u00bbtop_left\u00bb background_repeat=\u00bbrepeat\u00bb custom_padding=\u00bb||27px|||\u00bb global_colors_info=\u00bb{}\u00bb][et_pb_column type=\u00bb4_4&#8243; _builder_version=\u00bb4.16&#8243; custom_padding=\u00bb|||\u00bb global_colors_info=\u00bb{}\u00bb custom_padding__hover=\u00bb|||\u00bb][et_pb_text admin_label=\u00bbDonn\u00e9es recueillies sur le site\u00bb _builder_version=\u00bb4.16&#8243; background_size=\u00bbinitial\u00bb background_position=\u00bbtop_left\u00bb background_repeat=\u00bbrepeat\u00bb global_colors_info=\u00bb{}\u00bb]<\/p>\n<h2>Datos personales y <strong>otros datos recopilados en el sitio web astekjob.fr<\/strong><\/h2>\n<p><\/p>\n<p>&nbsp;<\/p>\n<p><\/p>\n<p>De conformidad con el Reglamento (UE) 2016\/679 del Parlamento Europeo y del Consejo de 27 de abril de 2016, la finalidad de la recogida de informaci\u00f3n en nuestro sitio Astek, accesible en la URL https:\/\/www.astekjob.fr\/, es para permitirle ponerse en contacto con la Compa\u00f1\u00eda. Al mismo tiempo, permite a la Compa\u00f1\u00eda procesar su solicitud y verificar la idoneidad de su perfil para el puesto ofrecido.<\/p>\n<p><\/p>\n<p>De conformidad con los art\u00edculos 5 y 6 del Reglamento, estos datos personales ser\u00e1n tratados de manera l\u00edcita, leal y transparente. Se conservar\u00e1n durante un per\u00edodo de (2) a\u00f1os despu\u00e9s de nuestro \u00faltimo contacto con usted. La informaci\u00f3n recopilada est\u00e1 destinada exclusivamente al Departamento de Desarrollo Interno y al Departamento de Recursos Humanos.<\/p>\n<p><\/p>\n<p>Le recordamos que tiene derecho a presentar una queja ante la CNIL. Tambi\u00e9n tiene derecho de acceso, rectificaci\u00f3n, supresi\u00f3n, limitaci\u00f3n, portabilidad, oposici\u00f3n y reclamaci\u00f3n al tratamiento de los datos que le conciernen que puede ejercer dirigi\u00e9ndose al \u201cDelegado de Protecci\u00f3n de Datos\u201d del Grupo Astek.<\/p>\n<p><\/p>\n<p>Sus datos personales son procesados \u200b\u200bpor (Grupo) Astek como controlador de datos. La empresa (Grupo) Astek est\u00e1 ubicada en 77-81T Rue Marcel Dassault, 92100 Boulogne-Billancourt, Francia.<\/p>\n<p><\/p>\n<p>Los datos de contacto del delegado de protecci\u00f3n de datos personales son los siguientes: dpo@groupeastek.fr.<\/p>\n<p>[\/et_pb_text][\/et_pb_column][\/et_pb_row][\/et_pb_section][et_pb_section fb_built=\u00bb1&#8243; admin_label=\u00bbInformations g\u00e9n\u00e9rales\u00bb _builder_version=\u00bb4.16&#8243; custom_padding=\u00bb||90px|||\u00bb da_disable_devices=\u00bboff|off|off\u00bb collapsed=\u00bbon\u00bb global_colors_info=\u00bb{}\u00bb da_is_popup=\u00bboff\u00bb da_exit_intent=\u00bboff\u00bb da_has_close=\u00bbon\u00bb da_alt_close=\u00bboff\u00bb da_dark_close=\u00bboff\u00bb da_not_modal=\u00bbon\u00bb da_is_singular=\u00bboff\u00bb da_with_loader=\u00bboff\u00bb da_has_shadow=\u00bbon\u00bb][et_pb_row admin_label=\u00bbInformaci\u00f3n general\u00bb _builder_version=\u00bb4.16&#8243; background_size=\u00bbinitial\u00bb background_position=\u00bbtop_left\u00bb background_repeat=\u00bbrepeat\u00bb custom_padding=\u00bb||27px|||\u00bb global_colors_info=\u00bb{}\u00bb][et_pb_column type=\u00bb4_4&#8243; _builder_version=\u00bb4.16&#8243; custom_padding=\u00bb|||\u00bb global_colors_info=\u00bb{}\u00bb custom_padding__hover=\u00bb|||\u00bb][et_pb_text admin_label=\u00bbInformations g\u00e9n\u00e9rales\u00bb _builder_version=\u00bb4.24.2&#8243; background_size=\u00bbinitial\u00bb background_position=\u00bbtop_left\u00bb background_repeat=\u00bbrepeat\u00bb global_colors_info=\u00bb{}\u00bb]<\/p>\n<h2>Informaci\u00f3n <strong>general<\/strong><\/h2>\n<p><\/p>\n<p>&nbsp;<\/p>\n<p><\/p>\n<p>El sitio web www.astekjob.fr es editado por (Grupo) Astek :<\/p>\n<p><\/p>\n<p>Sociedad an\u00f3nima con un capital de 443 512,00 \u20ac cuyo domicilio social se encuentra en Les Patios, Building D \u2013 77-81ter, rue Marcel Dassault \u2013 F-92100 Boulogne Billancourt \u2013 R.C.S. Nanterre 489 800 805<\/p>\n<p><\/p>\n<p>Tel\u00e9fono: +33 1 88 89 17 68<\/p>\n<p><\/p>\n<p>N\u00famero de IVA intracomunitario FR 61 489 800 805.<\/p>\n<p><\/p>\n<p>Directora de publicaci\u00f3n : Sabine Vikelas.<\/p>\n<p><\/p>\n<p>Host del sitio WordPress Engine: WPEngine, Inc., cuyo domicilio social se encuentra en Irongate House, 22-30 Duke\u2019s Place Londres, EC3A 7LP Reino Unido. Contacto: sales@wpengine.com.<\/p>\n<p>[\/et_pb_text][\/et_pb_column][\/et_pb_row][\/et_pb_section][et_pb_section fb_built=\u00bb1&#8243; admin_label=\u00bbDroits d\u2019auteur\u00bb _builder_version=\u00bb4.16&#8243; background_color=\u00bb#00C072&#8243; custom_padding=\u00bb||90px|||\u00bb da_disable_devices=\u00bboff|off|off\u00bb collapsed=\u00bbon\u00bb global_colors_info=\u00bb{}\u00bb da_is_popup=\u00bboff\u00bb da_exit_intent=\u00bboff\u00bb da_has_close=\u00bbon\u00bb da_alt_close=\u00bboff\u00bb da_dark_close=\u00bboff\u00bb da_not_modal=\u00bbon\u00bb da_is_singular=\u00bboff\u00bb da_with_loader=\u00bboff\u00bb da_has_shadow=\u00bbon\u00bb][et_pb_row admin_label=\u00bbDerechos de autor\u00bb _builder_version=\u00bb4.16&#8243; background_size=\u00bbinitial\u00bb background_position=\u00bbtop_left\u00bb background_repeat=\u00bbrepeat\u00bb custom_padding=\u00bb||27px|||\u00bb global_colors_info=\u00bb{}\u00bb][et_pb_column type=\u00bb4_4&#8243; _builder_version=\u00bb4.16&#8243; custom_padding=\u00bb|||\u00bb global_colors_info=\u00bb{}\u00bb custom_padding__hover=\u00bb|||\u00bb][et_pb_text admin_label=\u00bbDroits d\u2019auteur\u00bb _builder_version=\u00bb4.16&#8243; background_size=\u00bbinitial\u00bb background_position=\u00bbtop_left\u00bb background_repeat=\u00bbrepeat\u00bb global_colors_info=\u00bb{}\u00bb]<\/p>\n<h2>Derechos de <strong>autor<\/strong><\/h2>\n<p><\/p>\n<p>&nbsp;<\/p>\n<p><\/p>\n<p>Este sitio constituye una obra cuyo autor es el Grupo Astek en el sentido de los art\u00edculos L111-1 y siguientes del C\u00f3digo de la Propiedad Intelectual. El dise\u00f1o y desarrollo de dicho sitio ha sido proporcionado por el Grupo Astek.<\/p>\n<p><\/p>\n<p>Las fotograf\u00edas, textos, esl\u00f3ganes, dibujos, im\u00e1genes, secuencias animadas con o sin sonido, as\u00ed como todas las obras integradas en el sitio son propiedad de (Grupo) Astek o de terceros que hayan autorizado (Grupo) Astek para su uso.<\/p>\n<p><\/p>\n<p>Quedan autorizadas las reproducciones, en papel o inform\u00e1ticas, de dicho sitio y de las obras en \u00e9l reproducidas siempre que (i) se reserven estrictamente para uso personal, con exclusi\u00f3n de cualquier uso con fines publicitarios y\/o comerciales y\/o de informaci\u00f3n (ii), que cumplen con las disposiciones del art\u00edculo L122-5 del C\u00f3digo de la Propiedad Intelectual (en la ley francesa).<\/p>\n<p><\/p>\n<p>Con excepci\u00f3n de las disposiciones anteriores, cualquier reproducci\u00f3n, representaci\u00f3n, uso o modificaci\u00f3n, por cualquier procedimiento y en cualquier medio, de la totalidad o parte del sitio, de la totalidad o parte de las diversas obras que lo componen, sin haber obtenido la autorizaci\u00f3n previa de (Grupo) Astek, est\u00e1 estrictamente prohibida y constituye un delito de falsificaci\u00f3n sancionado por el art\u00edculo L335-2 y siguientes del C\u00f3digo de Propiedad Intelectual.<\/p>\n<p>[\/et_pb_text][\/et_pb_column][\/et_pb_row][\/et_pb_section][et_pb_section fb_built=\u00bb1&#8243; admin_label=\u00bbDroit des marques\u00bb _builder_version=\u00bb4.16&#8243; background_enable_color=\u00bboff\u00bb custom_padding=\u00bb||90px|||\u00bb da_disable_devices=\u00bboff|off|off\u00bb collapsed=\u00bbon\u00bb global_colors_info=\u00bb{}\u00bb da_is_popup=\u00bboff\u00bb da_exit_intent=\u00bboff\u00bb da_has_close=\u00bbon\u00bb da_alt_close=\u00bboff\u00bb da_dark_close=\u00bboff\u00bb da_not_modal=\u00bbon\u00bb da_is_singular=\u00bboff\u00bb da_with_loader=\u00bboff\u00bb da_has_shadow=\u00bbon\u00bb][et_pb_row admin_label=\u00bbLey des marcas\u00bb _builder_version=\u00bb4.16&#8243; background_size=\u00bbinitial\u00bb background_position=\u00bbtop_left\u00bb background_repeat=\u00bbrepeat\u00bb custom_padding=\u00bb||27px|||\u00bb global_colors_info=\u00bb{}\u00bb][et_pb_column type=\u00bb4_4&#8243; _builder_version=\u00bb4.16&#8243; custom_padding=\u00bb|||\u00bb global_colors_info=\u00bb{}\u00bb custom_padding__hover=\u00bb|||\u00bb][et_pb_text admin_label=\u00bbDroit des marques\u00bb _builder_version=\u00bb4.16&#8243; background_size=\u00bbinitial\u00bb background_position=\u00bbtop_left\u00bb background_repeat=\u00bbrepeat\u00bb global_colors_info=\u00bb{}\u00bb]<\/p>\n<h2>Ley des <strong>marcas<\/strong><\/h2>\n<p><\/p>\n<p>\u00a0 Los nombres y logotipos del Grupo Astek son marcas registradas del Grupo Astek. Tambi\u00e9n se mencionan otras marcas; en principio se identifican con una letra may\u00fascula. Son utilizados por el Grupo Astek ya sea con la autorizaci\u00f3n de su titular, o como una simple indicaci\u00f3n de los productos o servicios ofrecidos por el Grupo Astek. La reproduction, l\u2019imitation, l\u2019utilisation ou l\u2019apposition de ces marques sans avoir obtenu l\u2019autorisation pr\u00e9alable du Groupe Astek ou de leurs titulaires respectifs constitue un d\u00e9lit de contrefa\u00e7on puni par l\u2019article L335-2 et suivants du Code de propiedad intelectual (en la ley francesa).<\/p>\n<p>[\/et_pb_text][\/et_pb_column][\/et_pb_row][\/et_pb_section][et_pb_section fb_built=\u00bb1&#8243; admin_label=\u00bbInformations sur les produits et services\u00bb _builder_version=\u00bb4.16&#8243; background_color=\u00bb#00C072&#8243; custom_padding=\u00bb||90px|||\u00bb da_disable_devices=\u00bboff|off|off\u00bb collapsed=\u00bbon\u00bb global_colors_info=\u00bb{}\u00bb da_is_popup=\u00bboff\u00bb da_exit_intent=\u00bboff\u00bb da_has_close=\u00bbon\u00bb da_alt_close=\u00bboff\u00bb da_dark_close=\u00bboff\u00bb da_not_modal=\u00bbon\u00bb da_is_singular=\u00bboff\u00bb da_with_loader=\u00bboff\u00bb da_has_shadow=\u00bbon\u00bb][et_pb_row admin_label=\u00bbInformaci\u00f3n sobre productos y servicios\u00bb _builder_version=\u00bb4.16&#8243; background_size=\u00bbinitial\u00bb background_position=\u00bbtop_left\u00bb background_repeat=\u00bbrepeat\u00bb custom_padding=\u00bb||27px|||\u00bb global_colors_info=\u00bb{}\u00bb][et_pb_column type=\u00bb4_4&#8243; _builder_version=\u00bb4.16&#8243; custom_padding=\u00bb|||\u00bb global_colors_info=\u00bb{}\u00bb custom_padding__hover=\u00bb|||\u00bb][et_pb_text admin_label=\u00bbInformations sur les produits et services\u00bb _builder_version=\u00bb4.16&#8243; background_size=\u00bbinitial\u00bb background_position=\u00bbtop_left\u00bb background_repeat=\u00bbrepeat\u00bb global_colors_info=\u00bb{}\u00bb]<\/p>\n<h2>Informaci\u00f3n sobre <strong>productos y servicios<\/strong><\/h2>\n<p><\/p>\n<p>&nbsp;<\/p>\n<p><\/p>\n<p>Estas pantallas constituyen una presentaci\u00f3n general de la gama de servicios del Grupo Astek a nivel mundial. El Grupo Astek se reserva el derecho de modificar la informaci\u00f3n que aparece en este sitio web en cualquier momento, sin previo aviso, teniendo en cuenta la interactividad del sitio, sin que ello pueda comprometer la responsabilidad de (Grupo) Astek o sus empleados. El Grupo Astek est\u00e1 a su disposici\u00f3n para cualquier informaci\u00f3n sobre sus productos y servicios.<\/p>\n<p>[\/et_pb_text][\/et_pb_column][\/et_pb_row][\/et_pb_section][et_pb_section fb_built=\u00bb1&#8243; admin_label=\u00bbCookies\u00bb _builder_version=\u00bb4.16&#8243; custom_padding=\u00bb||90px|||\u00bb da_disable_devices=\u00bboff|off|off\u00bb collapsed=\u00bbon\u00bb global_colors_info=\u00bb{}\u00bb da_is_popup=\u00bboff\u00bb da_exit_intent=\u00bboff\u00bb da_has_close=\u00bbon\u00bb da_alt_close=\u00bboff\u00bb da_dark_close=\u00bboff\u00bb da_not_modal=\u00bbon\u00bb da_is_singular=\u00bboff\u00bb da_with_loader=\u00bboff\u00bb da_has_shadow=\u00bbon\u00bb][et_pb_row admin_label=\u00bbCookies\u00bb _builder_version=\u00bb4.16&#8243; background_size=\u00bbinitial\u00bb background_position=\u00bbtop_left\u00bb background_repeat=\u00bbrepeat\u00bb custom_padding=\u00bb||27px|||\u00bb global_colors_info=\u00bb{}\u00bb][et_pb_column type=\u00bb4_4&#8243; _builder_version=\u00bb4.16&#8243; custom_padding=\u00bb|||\u00bb global_colors_info=\u00bb{}\u00bb custom_padding__hover=\u00bb|||\u00bb][et_pb_text admin_label=\u00bbCookies\u00bb _builder_version=\u00bb4.16&#8243; background_size=\u00bbinitial\u00bb background_position=\u00bbtop_left\u00bb background_repeat=\u00bbrepeat\u00bb global_colors_info=\u00bb{}\u00bb]<\/p>\n<h2><strong>Cookies<\/strong><\/h2>\n<p><\/p>\n<p>\u00a0 Cuando visita nuestro sitio, podemos colocar una cookie en su computadora. Una cookie es un peque\u00f1o bloque de datos enviado a su navegador por un servidor web y almacenado en el disco duro de su computadora. La cookie no nos permite identificarlo personalmente. En general, nos permite registrar informaci\u00f3n relacionada con la navegaci\u00f3n de su computadora en nuestro sitio (las p\u00e1ginas que ha consultado, la fecha y hora de la consulta, etc.) que podemos leer durante sus visitas posteriores. Cuando se conecta por primera vez a nuestro sitio web, tiene la opci\u00f3n de aceptar o rechazar el dep\u00f3sito de cookies en su computadora. Cuando haya aceptado estas cookies, podr\u00e1 oponerse a su registro en cualquier momento mediante la configuraci\u00f3n de su navegador. Tambi\u00e9n puede eliminar las cookies en cualquier momento e individualmente consultando el manual de usuario de su navegador. Sin embargo, dicha eliminaci\u00f3n podr\u00eda impedir el uso de ciertas funciones de este sitio.<\/p>\n<p>[\/et_pb_text][\/et_pb_column][\/et_pb_row][\/et_pb_section][et_pb_section fb_built=\u00bb1&#8243; admin_label=\u00bbLiens hypertextes\u00bb _builder_version=\u00bb4.27.4&#8243; custom_padding=\u00bb||90px|||\u00bb hover_enabled=\u00bb0&#8243; da_disable_devices=\u00bboff|off|off\u00bb collapsed=\u00bbon\u00bb global_colors_info=\u00bb{}\u00bb background_enable_color=\u00bboff\u00bb sticky_enabled=\u00bb0&#8243; da_is_popup=\u00bboff\u00bb da_exit_intent=\u00bboff\u00bb da_has_close=\u00bbon\u00bb da_alt_close=\u00bboff\u00bb da_dark_close=\u00bboff\u00bb da_not_modal=\u00bbon\u00bb da_is_singular=\u00bboff\u00bb da_with_loader=\u00bboff\u00bb da_has_shadow=\u00bbon\u00bb][et_pb_row admin_label=\u00bbEnlaces hipertextos\u00bb _builder_version=\u00bb4.16&#8243; background_size=\u00bbinitial\u00bb background_position=\u00bbtop_left\u00bb background_repeat=\u00bbrepeat\u00bb custom_padding=\u00bb||27px|||\u00bb collapsed=\u00bbon\u00bb global_colors_info=\u00bb{}\u00bb][et_pb_column type=\u00bb4_4&#8243; _builder_version=\u00bb4.16&#8243; custom_padding=\u00bb|||\u00bb global_colors_info=\u00bb{}\u00bb custom_padding__hover=\u00bb|||\u00bb][et_pb_text admin_label=\u00bbLiens hypertextes\u00bb _builder_version=\u00bb4.27.4&#8243; background_size=\u00bbinitial\u00bb background_position=\u00bbtop_left\u00bb background_repeat=\u00bbrepeat\u00bb hover_enabled=\u00bb0&#8243; global_colors_info=\u00bb{}\u00bb sticky_enabled=\u00bb0&#8243;]<\/p>\n<h2>Enlaces <strong>hipertextos<\/strong><\/h2>\n<p><\/p>\n<p>&nbsp;<\/p>\n<p><\/p>\n<p>El establecimiento de un enlace de hipertexto al sitio www.astekjob.fr requiere la autorizaci\u00f3n previa por escrito de (Grupo) Astek. Si desea establecer un enlace de hipertexto a nuestro sitio, debe ponerse en contacto con el departamento de comunicaci\u00f3n de Astek: contact@astek.net<\/p>\n<p><\/p>\n<p>El Grupo Astek no puede ser considerado responsable bajo ninguna circunstancia por la provisi\u00f3n de sitios que son objeto de un enlace de hipertexto desde el sitio www.astekjob.fr y no puede asumir ninguna responsabilidad por el contenido, productos, servicios, etc. disponible en estos sitios o desde estos sitios.<\/p>\n<p>[\/et_pb_text][\/et_pb_column][\/et_pb_row][\/et_pb_section][et_pb_section fb_built=\u00bb1&#8243; admin_label=\u00bbLimitation de responsabilit\u00e9\u00bb _builder_version=\u00bb4.16&#8243; custom_padding=\u00bb||90px|||\u00bb da_disable_devices=\u00bboff|off|off\u00bb collapsed=\u00bbon\u00bb global_colors_info=\u00bb{}\u00bb da_is_popup=\u00bboff\u00bb da_exit_intent=\u00bboff\u00bb da_has_close=\u00bbon\u00bb da_alt_close=\u00bboff\u00bb da_dark_close=\u00bboff\u00bb da_not_modal=\u00bbon\u00bb da_is_singular=\u00bboff\u00bb da_with_loader=\u00bboff\u00bb da_has_shadow=\u00bbon\u00bb][et_pb_row admin_label=\u00bbLimitaci\u00f3n de responsabilidad\u00bb _builder_version=\u00bb4.16&#8243; background_size=\u00bbinitial\u00bb background_position=\u00bbtop_left\u00bb background_repeat=\u00bbrepeat\u00bb custom_padding=\u00bb||27px|||\u00bb collapsed=\u00bbon\u00bb global_colors_info=\u00bb{}\u00bb][et_pb_column type=\u00bb4_4&#8243; _builder_version=\u00bb4.16&#8243; custom_padding=\u00bb|||\u00bb global_colors_info=\u00bb{}\u00bb custom_padding__hover=\u00bb|||\u00bb][et_pb_text admin_label=\u00bbLimitation de responsabilit\u00e9\u00bb _builder_version=\u00bb4.16&#8243; background_size=\u00bbinitial\u00bb background_position=\u00bbtop_left\u00bb background_repeat=\u00bbrepeat\u00bb global_colors_info=\u00bb{}\u00bb]<\/p>\n<h2>Limitaci\u00f3n de <strong>responsabilidad<\/strong><\/h2>\n<p><\/p>\n<p>&nbsp;<\/p>\n<p><\/p>\n<p>El usuario utiliza el sitio bajo su propio riesgo. Bajo ninguna circunstancia (Grupo) Astek ser\u00e1 responsable por da\u00f1os directos o indirectos, y en particular da\u00f1os materiales, p\u00e9rdida de datos o programas, da\u00f1os financieros, resultantes del acceso, uso o falta de disponibilidad de este sitio o cualquier sitio vinculado a \u00e9l. El contenido del sitio se presenta sin ninguna garant\u00eda de ning\u00fan tipo.<\/p>\n<p><\/p>\n<p>La informaci\u00f3n sobre los productos y servicios corresponde a una definici\u00f3n en el momento de la publicaci\u00f3n en l\u00ednea o actualizaciones de las distintas p\u00e1ginas del sitio; se brindan \u00fanicamente a t\u00edtulo informativo y no pueden considerarse como una oferta contractual de productos o servicios de (grupo) Astek o sus subsidiarias. (Grupo) Astek no se hace responsable de los errores u omisiones que aparezcan en todo o en parte del sitio web.<\/p>\n<p><\/p>\n<p>El acceso a los productos y servicios presentados en el sitio puede estar sujeto a restricciones. Por lo tanto, debe asegurarse de que la ley del pa\u00eds desde el que se establece la conexi\u00f3n le autorice a acceder a nuestro sitio.<\/p>\n<p>[\/et_pb_text][\/et_pb_column][\/et_pb_row][\/et_pb_section][et_pb_section fb_built=\u00bb1&#8243; admin_label=\u00bbDroit applicable et Mise \u00e0 jour des conditions g\u00e9n\u00e9rales\u00bb _builder_version=\u00bb4.16&#8243; background_color=\u00bb#00C072&#8243; custom_padding=\u00bb||90px|||\u00bb da_disable_devices=\u00bboff|off|off\u00bb collapsed=\u00bbon\u00bb global_colors_info=\u00bb{}\u00bb da_is_popup=\u00bboff\u00bb da_exit_intent=\u00bboff\u00bb da_has_close=\u00bbon\u00bb da_alt_close=\u00bboff\u00bb da_dark_close=\u00bboff\u00bb da_not_modal=\u00bbon\u00bb da_is_singular=\u00bboff\u00bb da_with_loader=\u00bboff\u00bb da_has_shadow=\u00bbon\u00bb][et_pb_row admin_label=\u00bbLey aplicable y Actualizaci\u00f3n de las Notas legales\u00bb _builder_version=\u00bb4.16&#8243; background_size=\u00bbinitial\u00bb background_position=\u00bbtop_left\u00bb background_repeat=\u00bbrepeat\u00bb custom_padding=\u00bb||27px|||\u00bb global_colors_info=\u00bb{}\u00bb][et_pb_column type=\u00bb4_4&#8243; _builder_version=\u00bb4.16&#8243; custom_padding=\u00bb|||\u00bb global_colors_info=\u00bb{}\u00bb custom_padding__hover=\u00bb|||\u00bb][et_pb_text admin_label=\u00bbDroit applicable\u00bb _builder_version=\u00bb4.16&#8243; background_size=\u00bbinitial\u00bb background_position=\u00bbtop_left\u00bb background_repeat=\u00bbrepeat\u00bb global_colors_info=\u00bb{}\u00bb]<\/p>\n<h2>Ley <strong>aplicable<\/strong><\/h2>\n<p><\/p>\n<p>\u00a0 Estos Notas legales est\u00e1n sujetos a la legislaci\u00f3n nacional francesa. El idioma de los Notas legales es el franc\u00e9s; cons\u00faltelo para cualquier tema. En caso de disputa relacionada con el uso de este sitio web, los tribunales franceses tendr\u00e1n jurisdicci\u00f3n territorial exclusiva.<\/p>\n<p>[\/et_pb_text][et_pb_text admin_label=\u00bbMise \u00e0 jour des conditions g\u00e9n\u00e9rales\u00bb _builder_version=\u00bb4.16&#8243; background_size=\u00bbinitial\u00bb background_position=\u00bbtop_left\u00bb background_repeat=\u00bbrepeat\u00bb global_colors_info=\u00bb{}\u00bb]<\/p>\n<p>&nbsp;<\/p>\n<p><\/p>\n<h2>Actualizaci\u00f3n de las <strong>Notas legales<\/strong><\/h2>\n<p><\/p>\n<p>\u00a0 El Grupo Astek se reserva el derecho de modificar y actualizar el acceso al sitio as\u00ed como las condiciones generales en cualquier momento. Estas modificaciones y actualizaciones son vinculantes para el usuario que, por lo tanto, debe consultar peri\u00f3dicamente esta secci\u00f3n para consultar las condiciones generales vigentes.<\/p>\n<p>[\/et_pb_text][\/et_pb_column][\/et_pb_row][\/et_pb_section][et_pb_section fb_built=\u00bb1&#8243; disabled_on=\u00bbon|on|on\u00bb admin_label=\u00bbProc\u00e9dure d\u2019alerte \u00e9thique\u00bb _builder_version=\u00bb4.16&#8243; custom_padding=\u00bb||90px|||\u00bb da_disable_devices=\u00bboff|off|off\u00bb disabled=\u00bbon\u00bb collapsed=\u00bbon\u00bb global_colors_info=\u00bb{}\u00bb da_is_popup=\u00bboff\u00bb da_exit_intent=\u00bboff\u00bb da_has_close=\u00bbon\u00bb da_alt_close=\u00bboff\u00bb da_dark_close=\u00bboff\u00bb da_not_modal=\u00bbon\u00bb da_is_singular=\u00bboff\u00bb da_with_loader=\u00bboff\u00bb da_has_shadow=\u00bbon\u00bb][et_pb_row admin_label=\u00bbProcedimiento de denuncia\u00bb _builder_version=\u00bb4.16&#8243; background_size=\u00bbinitial\u00bb background_position=\u00bbtop_left\u00bb background_repeat=\u00bbrepeat\u00bb custom_padding=\u00bb||27px|||\u00bb global_colors_info=\u00bb{}\u00bb][et_pb_column type=\u00bb4_4&#8243; _builder_version=\u00bb4.16&#8243; custom_padding=\u00bb|||\u00bb global_colors_info=\u00bb{}\u00bb custom_padding__hover=\u00bb|||\u00bb][et_pb_text admin_label=\u00bbProc\u00e9dure d\u2019alerte \u00e9thique\u00bb _builder_version=\u00bb4.16&#8243; background_size=\u00bbinitial\u00bb background_position=\u00bbtop_left\u00bb background_repeat=\u00bbrepeat\u00bb global_colors_info=\u00bb{}\u00bb]<\/p>\n<h2><strong>Procedimiento de alerta<\/strong> \u00e9tica<\/h2>\n<p><\/p>\n<p>\u00a0 Como extensi\u00f3n de la ley Sapin II, el Grupo Astek ha puesto en marcha un sistema de alerta profesional que permite a los empleados, trabajadores eventuales (en pr\u00e1cticas, temporales, etc.) y proveedores de servicios externos del Grupo Astek denunciar hechos prohibidos por la ley (tales como delito o falta) o que constituyan una violaci\u00f3n, una amenaza o un perjuicio grave al inter\u00e9s p\u00fablico. La alerta debe tener un alcance general orientado al bien com\u00fan y la \u00e9tica, y no referirse a un conflicto laboral individual o colectivo. Con este fin, el Grupo ha creado en particular una direcci\u00f3n de correo electr\u00f3nico gen\u00e9rica dedicada a las alertas \u00e9ticas por medios electr\u00f3nicos: <a href=\"mailto:lanceurdalerte@groupeastek.fr\">lanceurdalerte@groupeastek.fr<\/a>. Tambi\u00e9n se puede enviar una alerta por correo postal a la siguiente direcci\u00f3n:<\/p>\n<p>[\/et_pb_text][et_pb_text admin_label=\u00bbAdresse\u00bb _builder_version=\u00bb4.16&#8243; background_size=\u00bbinitial\u00bb background_position=\u00bbtop_left\u00bb background_repeat=\u00bbrepeat\u00bb text_orientation=\u00bbcenter\u00bb border_radii=\u00bbon|11px|11px|11px|11px\u00bb border_width_all=\u00bb6px\u00bb border_color_all=\u00bb#009C49&#8243; global_colors_info=\u00bb{}\u00bb]<\/p>\n<p><strong>Grupo ASTEK<\/strong> Comit\u00e9 de \u00c9tica \/ Monsieur Quentin Poirier 77\/81 ter rue Marcel Dassault \u2013 92100 Boulogne-Billancourt, Francia.<\/p>\n<p>[\/et_pb_text][et_pb_text admin_label=\u00bbFormulaire d&#8217;alerte\u00bb _builder_version=\u00bb4.16&#8243; background_size=\u00bbinitial\u00bb background_position=\u00bbtop_left\u00bb background_repeat=\u00bbrepeat\u00bb global_colors_info=\u00bb{}\u00bb]<\/p>\n<p>Se recomienda enviarlo luego por carta certificada con acuse de recibo, todo ello en doble sobre, en el interior del sobre con la menci\u00f3n \u00ab\u00a0Dispositif de recueil des alertes\u00a0: ne peut \u00eatre ouvert que par le Comit\u00e9 \u00c9thique\u00a0\u00bb. Es imperativo, sea cual sea el m\u00e9todo de env\u00edo, adjuntar a cada alerta el \u00abFormulario de Alerta\u00bb debidamente completado. Este \u00faltimo se puede descargar haciendo clic en el siguiente bot\u00f3n:<\/p>\n<p>[\/et_pb_text][et_pb_button button_url=\u00bb@ET-DC@eyJkeW5hbWljIjp0cnVlLCJjb250ZW50IjoicG9zdF9saW5rX3VybF9hdHRhY2htZW50Iiwic2V0dGluZ3MiOnsicG9zdF9pZCI6IjU5MTA3In19@\u00bb button_text=\u00bbDescarga el Formulario de Alerta\u00bb button_alignment=\u00bbcenter\u00bb admin_label=\u00bbBouton &#8211; T\u00e9l\u00e9chargez le formulaire d&#8217;alerte\u00bb _builder_version=\u00bb4.16&#8243; _dynamic_attributes=\u00bbbutton_url\u00bb _module_preset=\u00bbdefault\u00bb custom_button=\u00bbon\u00bb button_text_color=\u00bb#FFFFFF\u00bb button_bg_color=\u00bb#00C072&#8243; button_border_width=\u00bb7px\u00bb button_border_color=\u00bb#009C49&#8243; button_border_radius=\u00bb13px\u00bb global_colors_info=\u00bb{}\u00bb][\/et_pb_button][et_pb_text admin_label=\u00bbProc\u00e9dure de lancement d&#8217;alerte\u00bb _builder_version=\u00bb4.16&#8243; background_size=\u00bbinitial\u00bb background_position=\u00bbtop_left\u00bb background_repeat=\u00bbrepeat\u00bb global_colors_info=\u00bb{}\u00bb]<\/p>\n<p style=\"text-align: center;\">Este formulario es estrictamente confidencial.<\/p>\n<p><\/p>\n<p>El procedimiento implementado sigue el siguiente esquema:<\/p>\n<p>[\/et_pb_text][et_pb_image src=\u00bbhttps:\/\/astekjob.fr\/wp-content\/uploads\/2022\/03\/Procedure-de-lancement-dalerte.jpg\u00bb alt=\u00bbProcedimiento de denuncia\u00bb title_text=\u00bbProcedimiento de denuncia\u00bb align=\u00bbcenter\u00bb admin_label=\u00bbImage &#8211; Proc\u00e9dure de lancement d&#8217;alerte\u00bb _builder_version=\u00bb4.16&#8243; _module_preset=\u00bbdefault\u00bb global_colors_info=\u00bb{}\u00bb][\/et_pb_image][\/et_pb_column][\/et_pb_row][\/et_pb_section]<\/p>\n","protected":false},"excerpt":{"rendered":"<p>Notas legales del sitio Astekjob, sitio de carrera del Grupo Astek, un actor global en consultor\u00eda de ingenier\u00eda y tecnolog\u00eda.<\/p>\n","protected":false},"author":98,"featured_media":0,"parent":0,"menu_order":0,"comment_status":"closed","ping_status":"closed","template":"","meta":{"_et_pb_use_builder":"on","_et_pb_old_content":"","_et_gb_content_width":"","footnotes":""},"class_list":["post-57074","page","type-page","status-publish","hentry"],"yoast_head":"<!-- This site is optimized with the Yoast SEO plugin v27.5 - https:\/\/yoast.com\/product\/yoast-seo-wordpress\/ -->\n<title>Notas legales - Astekjob<\/title>\n<meta name=\"description\" content=\"Notas legales del sitio Astekjob, sitio de carrera del Grupo Astek, un actor global en consultor\u00eda de ingenier\u00eda y tecnolog\u00eda.\" \/>\n<meta name=\"robots\" content=\"index, follow, max-snippet:-1, max-image-preview:large, max-video-preview:-1\" \/>\n<link rel=\"canonical\" href=\"https:\/\/astekjob.fr\/es\/notas-legales\/\" \/>\n<meta property=\"og:locale\" content=\"es_ES\" \/>\n<meta property=\"og:type\" content=\"article\" \/>\n<meta property=\"og:title\" content=\"Notas legales - Astekjob\" \/>\n<meta property=\"og:description\" content=\"Notas legales del sitio Astekjob, sitio de carrera del Grupo Astek, un actor global en consultor\u00eda de ingenier\u00eda y tecnolog\u00eda.\" \/>\n<meta property=\"og:url\" content=\"https:\/\/astekjob.fr\/es\/notas-legales\/\" \/>\n<meta property=\"og:site_name\" content=\"Astekjob\" \/>\n<meta property=\"article:modified_time\" content=\"2025-09-12T07:47:32+00:00\" \/>\n<meta name=\"twitter:card\" content=\"summary_large_image\" \/>\n<meta name=\"twitter:label1\" content=\"Tiempo de lectura\" \/>\n\t<meta name=\"twitter:data1\" content=\"19 minutos\" \/>\n<script type=\"application\/ld+json\" class=\"yoast-schema-graph\">{\"@context\":\"https:\\\/\\\/schema.org\",\"@graph\":[{\"@type\":\"WebPage\",\"@id\":\"https:\\\/\\\/astekjob.fr\\\/es\\\/notas-legales\\\/\",\"url\":\"https:\\\/\\\/astekjob.fr\\\/es\\\/notas-legales\\\/\",\"name\":\"Notas legales - Astekjob\",\"isPartOf\":{\"@id\":\"https:\\\/\\\/astekjob.fr\\\/es\\\/#website\"},\"datePublished\":\"2022-02-15T11:22:08+00:00\",\"dateModified\":\"2025-09-12T07:47:32+00:00\",\"description\":\"Notas legales del sitio Astekjob, sitio de carrera del Grupo Astek, un actor global en consultor\u00eda de ingenier\u00eda y tecnolog\u00eda.\",\"breadcrumb\":{\"@id\":\"https:\\\/\\\/astekjob.fr\\\/es\\\/notas-legales\\\/#breadcrumb\"},\"inLanguage\":\"es\",\"potentialAction\":[{\"@type\":\"ReadAction\",\"target\":[\"https:\\\/\\\/astekjob.fr\\\/es\\\/notas-legales\\\/\"]}]},{\"@type\":\"BreadcrumbList\",\"@id\":\"https:\\\/\\\/astekjob.fr\\\/es\\\/notas-legales\\\/#breadcrumb\",\"itemListElement\":[{\"@type\":\"ListItem\",\"position\":1,\"name\":\"Accueil\",\"item\":\"https:\\\/\\\/astekjob.fr\\\/es\\\/\"},{\"@type\":\"ListItem\",\"position\":2,\"name\":\"Notas legales\"}]},{\"@type\":\"WebSite\",\"@id\":\"https:\\\/\\\/astekjob.fr\\\/es\\\/#website\",\"url\":\"https:\\\/\\\/astekjob.fr\\\/es\\\/\",\"name\":\"Astekjob\",\"description\":\"Le site de recrutement du Groupe Astek\",\"publisher\":{\"@id\":\"https:\\\/\\\/astekjob.fr\\\/es\\\/#organization\"},\"alternateName\":\"Astekjob\",\"potentialAction\":[{\"@type\":\"SearchAction\",\"target\":{\"@type\":\"EntryPoint\",\"urlTemplate\":\"https:\\\/\\\/astekjob.fr\\\/es\\\/?s={search_term_string}\"},\"query-input\":{\"@type\":\"PropertyValueSpecification\",\"valueRequired\":true,\"valueName\":\"search_term_string\"}}],\"inLanguage\":\"es\"},{\"@type\":\"Organization\",\"@id\":\"https:\\\/\\\/astekjob.fr\\\/es\\\/#organization\",\"name\":\"Groupe Astek\",\"url\":\"https:\\\/\\\/astekjob.fr\\\/es\\\/\",\"logo\":{\"@type\":\"ImageObject\",\"inLanguage\":\"es\",\"@id\":\"https:\\\/\\\/astekjob.fr\\\/es\\\/#\\\/schema\\\/logo\\\/image\\\/\",\"url\":\"https:\\\/\\\/astekjob.fr\\\/wp-content\\\/uploads\\\/2021\\\/11\\\/Astek-Group_Hor_Officiel.png\",\"contentUrl\":\"https:\\\/\\\/astekjob.fr\\\/wp-content\\\/uploads\\\/2021\\\/11\\\/Astek-Group_Hor_Officiel.png\",\"width\":1215,\"height\":307,\"caption\":\"Groupe Astek\"},\"image\":{\"@id\":\"https:\\\/\\\/astekjob.fr\\\/es\\\/#\\\/schema\\\/logo\\\/image\\\/\"},\"sameAs\":[\"https:\\\/\\\/www.linkedin.com\\\/company\\\/astek\\\/\"]}]}<\/script>\n<!-- \/ Yoast SEO plugin. -->","yoast_head_json":{"title":"Notas legales - Astekjob","description":"Notas legales del sitio Astekjob, sitio de carrera del Grupo Astek, un actor global en consultor\u00eda de ingenier\u00eda y tecnolog\u00eda.","robots":{"index":"index","follow":"follow","max-snippet":"max-snippet:-1","max-image-preview":"max-image-preview:large","max-video-preview":"max-video-preview:-1"},"canonical":"https:\/\/astekjob.fr\/es\/notas-legales\/","og_locale":"es_ES","og_type":"article","og_title":"Notas legales - Astekjob","og_description":"Notas legales del sitio Astekjob, sitio de carrera del Grupo Astek, un actor global en consultor\u00eda de ingenier\u00eda y tecnolog\u00eda.","og_url":"https:\/\/astekjob.fr\/es\/notas-legales\/","og_site_name":"Astekjob","article_modified_time":"2025-09-12T07:47:32+00:00","twitter_card":"summary_large_image","twitter_misc":{"Tiempo de lectura":"19 minutos"},"schema":{"@context":"https:\/\/schema.org","@graph":[{"@type":"WebPage","@id":"https:\/\/astekjob.fr\/es\/notas-legales\/","url":"https:\/\/astekjob.fr\/es\/notas-legales\/","name":"Notas legales - Astekjob","isPartOf":{"@id":"https:\/\/astekjob.fr\/es\/#website"},"datePublished":"2022-02-15T11:22:08+00:00","dateModified":"2025-09-12T07:47:32+00:00","description":"Notas legales del sitio Astekjob, sitio de carrera del Grupo Astek, un actor global en consultor\u00eda de ingenier\u00eda y tecnolog\u00eda.","breadcrumb":{"@id":"https:\/\/astekjob.fr\/es\/notas-legales\/#breadcrumb"},"inLanguage":"es","potentialAction":[{"@type":"ReadAction","target":["https:\/\/astekjob.fr\/es\/notas-legales\/"]}]},{"@type":"BreadcrumbList","@id":"https:\/\/astekjob.fr\/es\/notas-legales\/#breadcrumb","itemListElement":[{"@type":"ListItem","position":1,"name":"Accueil","item":"https:\/\/astekjob.fr\/es\/"},{"@type":"ListItem","position":2,"name":"Notas legales"}]},{"@type":"WebSite","@id":"https:\/\/astekjob.fr\/es\/#website","url":"https:\/\/astekjob.fr\/es\/","name":"Astekjob","description":"Le site de recrutement du Groupe Astek","publisher":{"@id":"https:\/\/astekjob.fr\/es\/#organization"},"alternateName":"Astekjob","potentialAction":[{"@type":"SearchAction","target":{"@type":"EntryPoint","urlTemplate":"https:\/\/astekjob.fr\/es\/?s={search_term_string}"},"query-input":{"@type":"PropertyValueSpecification","valueRequired":true,"valueName":"search_term_string"}}],"inLanguage":"es"},{"@type":"Organization","@id":"https:\/\/astekjob.fr\/es\/#organization","name":"Groupe Astek","url":"https:\/\/astekjob.fr\/es\/","logo":{"@type":"ImageObject","inLanguage":"es","@id":"https:\/\/astekjob.fr\/es\/#\/schema\/logo\/image\/","url":"https:\/\/astekjob.fr\/wp-content\/uploads\/2021\/11\/Astek-Group_Hor_Officiel.png","contentUrl":"https:\/\/astekjob.fr\/wp-content\/uploads\/2021\/11\/Astek-Group_Hor_Officiel.png","width":1215,"height":307,"caption":"Groupe Astek"},"image":{"@id":"https:\/\/astekjob.fr\/es\/#\/schema\/logo\/image\/"},"sameAs":["https:\/\/www.linkedin.com\/company\/astek\/"]}]}},"_links":{"self":[{"href":"https:\/\/astekjob.fr\/es\/wp-json\/wp\/v2\/pages\/57074","targetHints":{"allow":["GET"]}}],"collection":[{"href":"https:\/\/astekjob.fr\/es\/wp-json\/wp\/v2\/pages"}],"about":[{"href":"https:\/\/astekjob.fr\/es\/wp-json\/wp\/v2\/types\/page"}],"author":[{"embeddable":true,"href":"https:\/\/astekjob.fr\/es\/wp-json\/wp\/v2\/users\/98"}],"replies":[{"embeddable":true,"href":"https:\/\/astekjob.fr\/es\/wp-json\/wp\/v2\/comments?post=57074"}],"version-history":[{"count":0,"href":"https:\/\/astekjob.fr\/es\/wp-json\/wp\/v2\/pages\/57074\/revisions"}],"wp:attachment":[{"href":"https:\/\/astekjob.fr\/es\/wp-json\/wp\/v2\/media?parent=57074"}],"curies":[{"name":"wp","href":"https:\/\/api.w.org\/{rel}","templated":true}]}}