{"id":73680,"date":"2022-08-05T11:24:23","date_gmt":"2022-08-05T09:24:23","guid":{"rendered":"https:\/\/astekjob.fr\/?page_id=73680"},"modified":"2023-05-30T09:01:55","modified_gmt":"2023-05-30T07:01:55","slug":"aplicacao-portugal","status":"publish","type":"page","link":"https:\/\/astekjob.fr\/pt-pt\/aplicacao-portugal\/","title":{"rendered":"Aplica\u00e7\u00e3o Portugal"},"content":{"rendered":"<p>[et_pb_section fb_built=&#8221;1&#8243; admin_label=&#8221;Candidature spontan\u00e9e&#8221; _builder_version=&#8221;4.17.6&#8243; background_color=&#8221;rgba(0,0,0,0.67)&#8221; background_image=&#8221;https:\/\/astekjob.fr\/wp-content\/uploads\/2022\/07\/pexels-skitterphoto-9253-scaled.jpg&#8221; background_blend=&#8221;overlay&#8221; custom_padding=&#8221;140px||140px||true|false&#8221; collapsed=&#8221;on&#8221; global_colors_info=&#8221;{}&#8221; da_is_popup=&#8221;off&#8221; da_exit_intent=&#8221;off&#8221; da_has_close=&#8221;on&#8221; da_alt_close=&#8221;off&#8221; da_dark_close=&#8221;off&#8221; da_not_modal=&#8221;on&#8221; da_is_singular=&#8221;off&#8221; da_with_loader=&#8221;off&#8221; da_has_shadow=&#8221;on&#8221; da_disable_devices=&#8221;off|off|off&#8221;][et_pb_row admin_label=&#8221;Aplica\u00e7\u00e3o espont\u00e2nea&#8221; _builder_version=&#8221;4.16&#8243; global_colors_info=&#8221;{}&#8221;][et_pb_column type=&#8221;4_4&#8243; _builder_version=&#8221;4.16&#8243; global_colors_info=&#8221;{}&#8221;][et_pb_text admin_label=&#8221;Candidature spontan\u00e9e&#8221; _builder_version=&#8221;4.18.0&#8243; header_font=&#8221;|800|||||||&#8221; header_text_align=&#8221;center&#8221; header_text_color=&#8221;#ffffff&#8221; header_font_size=&#8221;80px&#8221; background_color=&#8221;rgba(0,192,114,0.3)&#8221; transform_skew=&#8221;-3deg|-3deg&#8221; header_font_size_tablet=&#8221;&#8221; header_font_size_phone=&#8221;39px&#8221; header_font_size_last_edited=&#8221;on|desktop&#8221; header_text_shadow_style=&#8221;preset5&#8243; header_text_shadow_color=&#8221;rgba(0,0,0,0.08)&#8221; border_radii=&#8221;on|12px|12px|12px|12px&#8221; global_colors_info=&#8221;{}&#8221;]<\/p>\n<h1>Aplicar!<\/h1>\n<p>[\/et_pb_text][\/et_pb_column][\/et_pb_row][\/et_pb_section][et_pb_section fb_built=&#8221;1&#8243; admin_label=&#8221;Dites en plus sur vous&#8221; _builder_version=&#8221;4.16&#8243; custom_padding=&#8221;||110px|||&#8221; collapsed=&#8221;on&#8221; global_colors_info=&#8221;{}&#8221; da_is_popup=&#8221;off&#8221; da_exit_intent=&#8221;off&#8221; da_has_close=&#8221;on&#8221; da_alt_close=&#8221;off&#8221; da_dark_close=&#8221;off&#8221; da_not_modal=&#8221;on&#8221; da_is_singular=&#8221;off&#8221; da_with_loader=&#8221;off&#8221; da_has_shadow=&#8221;on&#8221; da_disable_devices=&#8221;off|off|off&#8221;][et_pb_row make_equal=&#8221;on&#8221; admin_label=&#8221;Conte mais sobre voc\u00ea&#8221; _builder_version=&#8221;4.16&#8243; custom_padding=&#8221;4px||0px|||&#8221; collapsed=&#8221;on&#8221; global_colors_info=&#8221;{}&#8221;][et_pb_column type=&#8221;4_4&#8243; _builder_version=&#8221;4.16&#8243; background_color=&#8221;#f6f6f6&#8243; border_radii=&#8221;on|16px|16px|16px|16px&#8221; global_colors_info=&#8221;{}&#8221;][et_pb_text admin_label=&#8221;Dites en plus sur vous&#8221; _builder_version=&#8221;4.16&#8243; custom_margin=&#8221;30px|25px|0px|25px|false|true&#8221; custom_padding=&#8221;1px||||false|false&#8221; global_colors_info=&#8221;{}&#8221;]<\/p>\n<h2 class=\"offset\" style=\"text-align: center;\">Conta-nos mais sobre ti!<\/h2>\n<h2 id=\"consultant\" class=\"offset\">\u00a0<\/h2>\n<p>[\/et_pb_text][et_pb_code _builder_version=&#8221;4.17.6&#8243; custom_margin=&#8221;||||false|false&#8221; custom_padding=&#8221;3px|30px|3px|30px|true|true&#8221; custom_padding_tablet=&#8221;3px|30px|3px|30px|true|true&#8221; custom_padding_phone=&#8221;3px|13px|3px|13px|true|true&#8221; custom_padding_last_edited=&#8221;on|phone&#8221; global_colors_info=&#8221;{}&#8221;]\n<div class=\"wpcf7 no-js\" id=\"wpcf7-f73748-o1\" lang=\"pt-PT\" dir=\"ltr\" data-wpcf7-id=\"73748\">\n<div class=\"screen-reader-response\"><p role=\"status\" aria-live=\"polite\" aria-atomic=\"true\"><\/p> <ul><\/ul><\/div>\n<form action=\"\/pt-pt\/wp-json\/wp\/v2\/pages\/73680#wpcf7-f73748-o1\" method=\"post\" class=\"wpcf7-form init\" aria-label=\"Formul\u00e1rio de contacto\" enctype=\"multipart\/form-data\" novalidate=\"novalidate\" data-status=\"init\">\n<fieldset class=\"hidden-fields-container\"><input type=\"hidden\" name=\"_wpcf7\" value=\"73748\" \/><input type=\"hidden\" name=\"_wpcf7_version\" value=\"6.1.5\" \/><input type=\"hidden\" name=\"_wpcf7_locale\" value=\"pt_PT\" \/><input type=\"hidden\" name=\"_wpcf7_unit_tag\" value=\"wpcf7-f73748-o1\" \/><input type=\"hidden\" name=\"_wpcf7_container_post\" value=\"0\" \/><input type=\"hidden\" name=\"_wpcf7_posted_data_hash\" value=\"\" \/><input type=\"hidden\" name=\"_wpcf7cf_hidden_group_fields\" value=\"[]\" \/><input type=\"hidden\" name=\"_wpcf7cf_hidden_groups\" value=\"[]\" \/><input type=\"hidden\" name=\"_wpcf7cf_visible_groups\" value=\"[]\" \/><input type=\"hidden\" name=\"_wpcf7cf_repeaters\" value=\"[]\" \/><input type=\"hidden\" name=\"_wpcf7cf_steps\" value=\"{}\" \/><input type=\"hidden\" name=\"_wpcf7cf_options\" value=\"{&quot;form_id&quot;:73748,&quot;conditions&quot;:[],&quot;settings&quot;:{&quot;animation&quot;:&quot;yes&quot;,&quot;animation_intime&quot;:200,&quot;animation_outtime&quot;:200,&quot;conditions_ui&quot;:&quot;normal&quot;,&quot;notice_dismissed&quot;:false,&quot;notice_dismissed_rollback-cf7-6.0&quot;:true}}\" \/><input type=\"hidden\" name=\"_wpcf7_recaptcha_response\" value=\"\" \/>\n<\/fieldset>\n<p><label> <strong><span style=\"color: #02bb72;\">Nome Completo<\/span><\/strong><br \/>\n<span class=\"wpcf7-form-control-wrap\" data-name=\"your-name\"><input size=\"40\" maxlength=\"400\" class=\"wpcf7-form-control wpcf7-text wpcf7-validates-as-required\" aria-required=\"true\" aria-invalid=\"false\" value=\"\" type=\"text\" name=\"your-name\" \/><\/span> <\/label>\n<\/p>\n<p><label> <strong><span style=\"color: #02bb72;\">E-mail<\/span><\/strong><br \/>\n<span class=\"wpcf7-form-control-wrap\" data-name=\"your-email\"><input size=\"40\" maxlength=\"400\" class=\"wpcf7-form-control wpcf7-email wpcf7-validates-as-required wpcf7-text wpcf7-validates-as-email\" aria-required=\"true\" aria-invalid=\"false\" value=\"\" type=\"email\" name=\"your-email\" \/><\/span> <\/label>\n<\/p>\n<p><label> <strong><span style=\"color: #02bb72;\">Contacto telef\u00f3nico<\/span><\/strong><br \/>\n<span class=\"wpcf7-form-control-wrap\" data-name=\"your-phone\"><input size=\"40\" maxlength=\"400\" class=\"wpcf7-form-control wpcf7-tel wpcf7-text wpcf7-validates-as-tel\" aria-invalid=\"false\" value=\"\" type=\"tel\" name=\"your-phone\" \/><\/span> <\/label>\n<\/p>\n<p><label> <strong><span style=\"color: #02bb72;\">O que mais gostarias de fazer na Astek Portugal:<\/span><\/strong><br \/>\n<span class=\"wpcf7-form-control-wrap\" data-name=\"your-message\"><textarea cols=\"40\" rows=\"10\" maxlength=\"2000\" class=\"wpcf7-form-control wpcf7-textarea\" aria-invalid=\"false\" name=\"your-message\"><\/textarea><\/span> <\/label>\n<\/p>\n<p><strong><span style=\"color: #02bb72;\">Adiciona o teu curr\u00edculo aqui<\/span><\/strong><br \/>\n<span class=\"wpcf7-form-control-wrap\" data-name=\"CV\"><input size=\"40\" class=\"wpcf7-form-control wpcf7-file wpcf7-validates-as-required\" accept=\".pdf,.doc,.docx\" aria-required=\"true\" aria-invalid=\"false\" type=\"file\" name=\"CV\" \/><\/span>\n<\/p>\n<p><span class=\"wpcf7-form-control-wrap\" data-name=\"acceptance-919\"><span class=\"wpcf7-form-control wpcf7-acceptance\"><span class=\"wpcf7-list-item\"><input type=\"checkbox\" name=\"acceptance-919\" value=\"1\" aria-invalid=\"false\" \/><\/span><\/span><\/span> Ao marcar esta caixa, aceito as condi\u00e7\u00f5es gerais de uso do site astekjob.fr. Em particular, concordo que meus dados pessoais sejam processados \u200b\u200bnas condi\u00e7\u00f5es e para os fins especificados nos avisos legais acess\u00edveis pelo link na parte inferior desta p\u00e1gina..\n<\/p>\n<p><input class=\"wpcf7-form-control wpcf7-submit has-spinner postuler\" type=\"submit\" value=\"Candidata-te!\" \/>\n<\/p><div class=\"wpcf7-response-output\" aria-hidden=\"true\"><\/div>\n<\/form>\n<\/div>\n[\/et_pb_code][\/et_pb_column][\/et_pb_row][\/et_pb_section]<\/p>\n","protected":false},"excerpt":{"rendered":"<p>Conte-nos sobre voc\u00ea e candidate-se para ingressar na Astek em Portugal.<\/p>\n","protected":false},"author":98,"featured_media":0,"parent":0,"menu_order":0,"comment_status":"closed","ping_status":"closed","template":"","meta":{"_et_pb_use_builder":"on","_et_pb_old_content":"","_et_gb_content_width":"","footnotes":""},"class_list":["post-73680","page","type-page","status-publish","hentry"],"yoast_head":"<!-- This site is optimized with the Yoast SEO plugin v27.5 - https:\/\/yoast.com\/product\/yoast-seo-wordpress\/ -->\n<title>Aplica\u00e7\u00e3o Portugal - Astekjob<\/title>\n<meta name=\"description\" content=\"Conte-nos sobre voc\u00ea e candidate-se para ingressar na Astek em Portugal.\" \/>\n<meta name=\"robots\" content=\"index, follow, max-snippet:-1, max-image-preview:large, max-video-preview:-1\" \/>\n<link rel=\"canonical\" href=\"https:\/\/astekjob.fr\/pt-pt\/aplicacao-portugal\/\" \/>\n<meta property=\"og:locale\" content=\"pt_PT\" \/>\n<meta property=\"og:type\" content=\"article\" \/>\n<meta property=\"og:title\" content=\"Aplica\u00e7\u00e3o Portugal - Astekjob\" \/>\n<meta property=\"og:description\" content=\"Conte-nos sobre voc\u00ea e candidate-se para ingressar na Astek em Portugal.\" \/>\n<meta property=\"og:url\" content=\"https:\/\/astekjob.fr\/pt-pt\/aplicacao-portugal\/\" \/>\n<meta property=\"og:site_name\" content=\"Astekjob\" \/>\n<meta property=\"article:modified_time\" content=\"2023-05-30T07:01:55+00:00\" \/>\n<meta name=\"twitter:card\" content=\"summary_large_image\" \/>\n<meta name=\"twitter:label1\" content=\"Tempo estimado de leitura\" \/>\n\t<meta name=\"twitter:data1\" content=\"1 minuto\" \/>\n<script type=\"application\/ld+json\" class=\"yoast-schema-graph\">{\"@context\":\"https:\\\/\\\/schema.org\",\"@graph\":[{\"@type\":\"WebPage\",\"@id\":\"https:\\\/\\\/astekjob.fr\\\/pt-pt\\\/aplicacao-portugal\\\/\",\"url\":\"https:\\\/\\\/astekjob.fr\\\/pt-pt\\\/aplicacao-portugal\\\/\",\"name\":\"Aplica\u00e7\u00e3o Portugal - Astekjob\",\"isPartOf\":{\"@id\":\"https:\\\/\\\/astekjob.fr\\\/pt-pt\\\/#website\"},\"datePublished\":\"2022-08-05T09:24:23+00:00\",\"dateModified\":\"2023-05-30T07:01:55+00:00\",\"description\":\"Conte-nos sobre voc\u00ea e candidate-se para ingressar na Astek em Portugal.\",\"breadcrumb\":{\"@id\":\"https:\\\/\\\/astekjob.fr\\\/pt-pt\\\/aplicacao-portugal\\\/#breadcrumb\"},\"inLanguage\":\"pt-PT\",\"potentialAction\":[{\"@type\":\"ReadAction\",\"target\":[\"https:\\\/\\\/astekjob.fr\\\/pt-pt\\\/aplicacao-portugal\\\/\"]}]},{\"@type\":\"BreadcrumbList\",\"@id\":\"https:\\\/\\\/astekjob.fr\\\/pt-pt\\\/aplicacao-portugal\\\/#breadcrumb\",\"itemListElement\":[{\"@type\":\"ListItem\",\"position\":1,\"name\":\"Accueil\",\"item\":\"https:\\\/\\\/astekjob.fr\\\/pt-pt\\\/\"},{\"@type\":\"ListItem\",\"position\":2,\"name\":\"Aplica\u00e7\u00e3o Portugal\"}]},{\"@type\":\"WebSite\",\"@id\":\"https:\\\/\\\/astekjob.fr\\\/pt-pt\\\/#website\",\"url\":\"https:\\\/\\\/astekjob.fr\\\/pt-pt\\\/\",\"name\":\"Astekjob\",\"description\":\"Le site de recrutement du Groupe Astek\",\"publisher\":{\"@id\":\"https:\\\/\\\/astekjob.fr\\\/pt-pt\\\/#organization\"},\"alternateName\":\"Astekjob\",\"potentialAction\":[{\"@type\":\"SearchAction\",\"target\":{\"@type\":\"EntryPoint\",\"urlTemplate\":\"https:\\\/\\\/astekjob.fr\\\/pt-pt\\\/?s={search_term_string}\"},\"query-input\":{\"@type\":\"PropertyValueSpecification\",\"valueRequired\":true,\"valueName\":\"search_term_string\"}}],\"inLanguage\":\"pt-PT\"},{\"@type\":\"Organization\",\"@id\":\"https:\\\/\\\/astekjob.fr\\\/pt-pt\\\/#organization\",\"name\":\"Groupe Astek\",\"url\":\"https:\\\/\\\/astekjob.fr\\\/pt-pt\\\/\",\"logo\":{\"@type\":\"ImageObject\",\"inLanguage\":\"pt-PT\",\"@id\":\"https:\\\/\\\/astekjob.fr\\\/pt-pt\\\/#\\\/schema\\\/logo\\\/image\\\/\",\"url\":\"https:\\\/\\\/astekjob.fr\\\/wp-content\\\/uploads\\\/2021\\\/11\\\/Astek-Group_Hor_Officiel.png\",\"contentUrl\":\"https:\\\/\\\/astekjob.fr\\\/wp-content\\\/uploads\\\/2021\\\/11\\\/Astek-Group_Hor_Officiel.png\",\"width\":1215,\"height\":307,\"caption\":\"Groupe Astek\"},\"image\":{\"@id\":\"https:\\\/\\\/astekjob.fr\\\/pt-pt\\\/#\\\/schema\\\/logo\\\/image\\\/\"},\"sameAs\":[\"https:\\\/\\\/www.linkedin.com\\\/company\\\/astek\\\/\"]}]}<\/script>\n<!-- \/ Yoast SEO plugin. -->","yoast_head_json":{"title":"Aplica\u00e7\u00e3o Portugal - Astekjob","description":"Conte-nos sobre voc\u00ea e candidate-se para ingressar na Astek em Portugal.","robots":{"index":"index","follow":"follow","max-snippet":"max-snippet:-1","max-image-preview":"max-image-preview:large","max-video-preview":"max-video-preview:-1"},"canonical":"https:\/\/astekjob.fr\/pt-pt\/aplicacao-portugal\/","og_locale":"pt_PT","og_type":"article","og_title":"Aplica\u00e7\u00e3o Portugal - Astekjob","og_description":"Conte-nos sobre voc\u00ea e candidate-se para ingressar na Astek em Portugal.","og_url":"https:\/\/astekjob.fr\/pt-pt\/aplicacao-portugal\/","og_site_name":"Astekjob","article_modified_time":"2023-05-30T07:01:55+00:00","twitter_card":"summary_large_image","twitter_misc":{"Tempo estimado de leitura":"1 minuto"},"schema":{"@context":"https:\/\/schema.org","@graph":[{"@type":"WebPage","@id":"https:\/\/astekjob.fr\/pt-pt\/aplicacao-portugal\/","url":"https:\/\/astekjob.fr\/pt-pt\/aplicacao-portugal\/","name":"Aplica\u00e7\u00e3o Portugal - Astekjob","isPartOf":{"@id":"https:\/\/astekjob.fr\/pt-pt\/#website"},"datePublished":"2022-08-05T09:24:23+00:00","dateModified":"2023-05-30T07:01:55+00:00","description":"Conte-nos sobre voc\u00ea e candidate-se para ingressar na Astek em Portugal.","breadcrumb":{"@id":"https:\/\/astekjob.fr\/pt-pt\/aplicacao-portugal\/#breadcrumb"},"inLanguage":"pt-PT","potentialAction":[{"@type":"ReadAction","target":["https:\/\/astekjob.fr\/pt-pt\/aplicacao-portugal\/"]}]},{"@type":"BreadcrumbList","@id":"https:\/\/astekjob.fr\/pt-pt\/aplicacao-portugal\/#breadcrumb","itemListElement":[{"@type":"ListItem","position":1,"name":"Accueil","item":"https:\/\/astekjob.fr\/pt-pt\/"},{"@type":"ListItem","position":2,"name":"Aplica\u00e7\u00e3o Portugal"}]},{"@type":"WebSite","@id":"https:\/\/astekjob.fr\/pt-pt\/#website","url":"https:\/\/astekjob.fr\/pt-pt\/","name":"Astekjob","description":"Le site de recrutement du Groupe Astek","publisher":{"@id":"https:\/\/astekjob.fr\/pt-pt\/#organization"},"alternateName":"Astekjob","potentialAction":[{"@type":"SearchAction","target":{"@type":"EntryPoint","urlTemplate":"https:\/\/astekjob.fr\/pt-pt\/?s={search_term_string}"},"query-input":{"@type":"PropertyValueSpecification","valueRequired":true,"valueName":"search_term_string"}}],"inLanguage":"pt-PT"},{"@type":"Organization","@id":"https:\/\/astekjob.fr\/pt-pt\/#organization","name":"Groupe Astek","url":"https:\/\/astekjob.fr\/pt-pt\/","logo":{"@type":"ImageObject","inLanguage":"pt-PT","@id":"https:\/\/astekjob.fr\/pt-pt\/#\/schema\/logo\/image\/","url":"https:\/\/astekjob.fr\/wp-content\/uploads\/2021\/11\/Astek-Group_Hor_Officiel.png","contentUrl":"https:\/\/astekjob.fr\/wp-content\/uploads\/2021\/11\/Astek-Group_Hor_Officiel.png","width":1215,"height":307,"caption":"Groupe Astek"},"image":{"@id":"https:\/\/astekjob.fr\/pt-pt\/#\/schema\/logo\/image\/"},"sameAs":["https:\/\/www.linkedin.com\/company\/astek\/"]}]}},"_links":{"self":[{"href":"https:\/\/astekjob.fr\/pt-pt\/wp-json\/wp\/v2\/pages\/73680","targetHints":{"allow":["GET"]}}],"collection":[{"href":"https:\/\/astekjob.fr\/pt-pt\/wp-json\/wp\/v2\/pages"}],"about":[{"href":"https:\/\/astekjob.fr\/pt-pt\/wp-json\/wp\/v2\/types\/page"}],"author":[{"embeddable":true,"href":"https:\/\/astekjob.fr\/pt-pt\/wp-json\/wp\/v2\/users\/98"}],"replies":[{"embeddable":true,"href":"https:\/\/astekjob.fr\/pt-pt\/wp-json\/wp\/v2\/comments?post=73680"}],"version-history":[{"count":0,"href":"https:\/\/astekjob.fr\/pt-pt\/wp-json\/wp\/v2\/pages\/73680\/revisions"}],"wp:attachment":[{"href":"https:\/\/astekjob.fr\/pt-pt\/wp-json\/wp\/v2\/media?parent=73680"}],"curies":[{"name":"wp","href":"https:\/\/api.w.org\/{rel}","templated":true}]}}